{"id":17436,"date":"2016-08-11T00:00:00","date_gmt":"2016-08-11T00:00:00","guid":{"rendered":"https:\/\/cadca1stg.wpengine.com\/resource\/save-the-date-for-cadcas-national-leadership-forum\/"},"modified":"2016-08-11T00:00:00","modified_gmt":"2016-08-11T00:00:00","slug":"save-the-date-for-cadcas-national-leadership-forum","status":"publish","type":"resource","link":"https:\/\/www.cadca.org\/fr\/resource\/save-the-date-for-cadcas-national-leadership-forum\/","title":{"rendered":"R\u00e9servez la date pour le Forum national du leadership de CADCA"},"content":{"rendered":"<p>Continuez \u00ab\u00a0Engineering Healthy Communities\u00a0\u00bb avec CADCA lors de notre 27e Forum national annuel sur le leadership et de la 13e Journ\u00e9e de pr\u00e9vention de SAMHSA.<\/p>\n<p>R\u00e9servez la date du 6 au 9 f\u00e9vrier 2017 au Gaylord National Hotel and Convention Center dans la r\u00e9gion de Washington, DC.<\/p>\n<p>Le Forum national du leadership de la CADCA est le premier \u00e9v\u00e9nement de formation du pays pour les professionnels et les chercheurs en pr\u00e9vention et traitement de la toxicomanie, avec plus de 70 sessions de formation pour aider les participants \u00e0 apprendre des strat\u00e9gies efficaces pour r\u00e9soudre les probl\u00e8mes li\u00e9s \u00e0 la drogue dans leurs communaut\u00e9s. Cet \u00e9v\u00e9nement de formation de quatre jours rassemble des coalitions communautaires de pr\u00e9vention de la toxicomanie de toutes les r\u00e9gions du pays et \u00e0 l&#039;\u00e9tranger, des dirigeants gouvernementaux, des jeunes, des sp\u00e9cialistes de la pr\u00e9vention, des professionnels du traitement de la toxicomanie, des d\u00e9fenseurs du r\u00e9tablissement de la toxicomanie, des chercheurs, des \u00e9ducateurs, des professionnels de l&#039;application de la loi et des chefs religieux. . Les sujets iront de la fa\u00e7on d&#039;aborder l&#039;\u00e9pid\u00e9mie d&#039;h\u00e9ro\u00efne et d&#039;opio\u00efdes et la consommation de marijuana chez les jeunes \u00e0 la fa\u00e7on de r\u00e9duire l&#039;usage du tabac et la consommation d&#039;alcool chez les mineurs.<\/p>\n<p>\u00ab Le Forum CADCA est plus qu&#039;un \u00e9v\u00e9nement de formation. C&#039;est un mouvement national qui rassemble des responsables f\u00e9d\u00e9raux et \u00e9tatiques et des dirigeants communautaires de tout le pays pour trouver des solutions aux probl\u00e8mes de toxicomanie de notre pays \u00bb, a d\u00e9clar\u00e9 le pr\u00e9sident-directeur g\u00e9n\u00e9ral de CADCA, le g\u00e9n\u00e9ral Arthur T. Dean. \u00ab\u00a0Les participants quittent notre forum avec l&#039;inspiration, les informations et les strat\u00e9gies dont ils ont besoin pour rendre leurs communaut\u00e9s s\u00fbres, saines et sans drogue.\u00a0\u00bb<\/p>\n<p>Le Forum propose deux jours de Power Sessions, qui sont des occasions uniques de dialoguer avec des repr\u00e9sentants f\u00e9d\u00e9raux. Au cours de la Journ\u00e9e Capitol Hill, les participants entendront une mise \u00e0 jour l\u00e9gislative de la consultante en politique publique de CADCA, Sue Thau. Un certain nombre de membres du Congr\u00e8s participeront \u00e9galement.<\/p>\n<p>Pr\u00e8s de 400 jeunes assisteront \u00e9galement \u00e0 la r\u00e9union pour prendre part \u00e0 l&#039;Initiative nationale de leadership des jeunes (NYLI) de CADCA, o\u00f9 les jeunes apprendront comment devenir des d\u00e9fenseurs de la pr\u00e9vention de la toxicomanie et de puissants leaders communautaires.<\/p>\n<p>L&#039;h\u00e9bergement et l&#039;inscription anticip\u00e9e sont maintenant ouverts.<\/p>\n<p>Les appels \u00e0 pr\u00e9sentations et le Salon des id\u00e9es de la Coalition sont maintenant ouverts avec une date limite du 16 septembre.<\/p>\n<p>\u00c0 court de fonds? Des bourses pour jeunes et adultes sont disponibles et le dernier jour pour postuler est le 30 septembre.<\/p>\n<p>Learn more and register. #CADCAForum<\/p>","protected":false},"excerpt":{"rendered":"<p>Continue \u201cEngineering Healthy Communities\u201d with CADCA at our 27th annual National Leadership Forum and SAMHSA\u2019s 13th Prevention Day. Save the<\/p>","protected":false},"author":23,"featured_media":0,"template":"","resource_type":[281],"drug_specific_issues":[],"action_to_do":[320],"class_list":["post-17436","resource","type-resource","status-publish","hentry","resource_type-coalitions-online","action_to_do-sustain-your-coalition"],"acf":[],"yoast_head":"<!-- This site is optimized with the Yoast SEO plugin v27.4 - https:\/\/yoast.com\/product\/yoast-seo-wordpress\/ -->\n<title>Save the Date for CADCA\u2019s National Leadership Forum | CADCA<\/title>\n<meta name=\"robots\" content=\"index, follow, max-snippet:-1, max-image-preview:large, max-video-preview:-1\" \/>\n<link rel=\"canonical\" href=\"https:\/\/www.cadca.org\/fr\/resource\/save-the-date-for-cadcas-national-leadership-forum\/\" \/>\n<meta property=\"og:locale\" content=\"fr_FR\" \/>\n<meta property=\"og:type\" content=\"article\" \/>\n<meta property=\"og:title\" content=\"Save the Date for CADCA\u2019s National Leadership Forum | CADCA\" \/>\n<meta property=\"og:description\" content=\"Continue \u201cEngineering Healthy Communities\u201d with CADCA at our 27th annual National Leadership Forum and SAMHSA\u2019s 13th Prevention Day. Save the\" \/>\n<meta property=\"og:url\" content=\"https:\/\/www.cadca.org\/fr\/resource\/save-the-date-for-cadcas-national-leadership-forum\/\" \/>\n<meta property=\"og:site_name\" content=\"CADCA\" \/>\n<meta property=\"og:image\" content=\"https:\/\/www.cadca.org\/wp-content\/uploads\/2022\/03\/cadca-member-of-logo1.jpg\" \/>\n\t<meta property=\"og:image:width\" content=\"880\" \/>\n\t<meta property=\"og:image:height\" content=\"500\" \/>\n\t<meta property=\"og:image:type\" content=\"image\/jpeg\" \/>\n<meta name=\"twitter:card\" content=\"summary_large_image\" \/>\n<meta name=\"twitter:label1\" content=\"Dur\u00e9e de lecture estim\u00e9e\" \/>\n\t<meta name=\"twitter:data1\" content=\"2 minutes\" \/>\n<script type=\"application\/ld+json\" class=\"yoast-schema-graph\">{\"@context\":\"https:\\\/\\\/schema.org\",\"@graph\":[{\"@type\":\"WebPage\",\"@id\":\"https:\\\/\\\/www.cadca.org\\\/resource\\\/save-the-date-for-cadcas-national-leadership-forum\\\/\",\"url\":\"https:\\\/\\\/www.cadca.org\\\/resource\\\/save-the-date-for-cadcas-national-leadership-forum\\\/\",\"name\":\"Save the Date for CADCA\u2019s National Leadership Forum | CADCA\",\"isPartOf\":{\"@id\":\"https:\\\/\\\/www.cadca.org\\\/#website\"},\"datePublished\":\"2016-08-11T00:00:00+00:00\",\"breadcrumb\":{\"@id\":\"https:\\\/\\\/www.cadca.org\\\/resource\\\/save-the-date-for-cadcas-national-leadership-forum\\\/#breadcrumb\"},\"inLanguage\":\"fr-FR\",\"potentialAction\":[{\"@type\":\"ReadAction\",\"target\":[\"https:\\\/\\\/www.cadca.org\\\/resource\\\/save-the-date-for-cadcas-national-leadership-forum\\\/\"]}]},{\"@type\":\"BreadcrumbList\",\"@id\":\"https:\\\/\\\/www.cadca.org\\\/resource\\\/save-the-date-for-cadcas-national-leadership-forum\\\/#breadcrumb\",\"itemListElement\":[{\"@type\":\"ListItem\",\"position\":1,\"name\":\"Home\",\"item\":\"https:\\\/\\\/www.cadca.org\\\/\"},{\"@type\":\"ListItem\",\"position\":2,\"name\":\"Save the Date for CADCA\u2019s National Leadership Forum\"}]},{\"@type\":\"WebSite\",\"@id\":\"https:\\\/\\\/www.cadca.org\\\/#website\",\"url\":\"https:\\\/\\\/www.cadca.org\\\/\",\"name\":\"CADCA\",\"description\":\"The Premier Prevention Association\",\"potentialAction\":[{\"@type\":\"SearchAction\",\"target\":{\"@type\":\"EntryPoint\",\"urlTemplate\":\"https:\\\/\\\/www.cadca.org\\\/?s={search_term_string}\"},\"query-input\":{\"@type\":\"PropertyValueSpecification\",\"valueRequired\":true,\"valueName\":\"search_term_string\"}}],\"inLanguage\":\"fr-FR\"}]}<\/script>\n<!-- \/ Yoast SEO plugin. -->","yoast_head_json":{"title":"Save the Date for CADCA\u2019s National Leadership Forum | CADCA","robots":{"index":"index","follow":"follow","max-snippet":"max-snippet:-1","max-image-preview":"max-image-preview:large","max-video-preview":"max-video-preview:-1"},"canonical":"https:\/\/www.cadca.org\/fr\/resource\/save-the-date-for-cadcas-national-leadership-forum\/","og_locale":"fr_FR","og_type":"article","og_title":"Save the Date for CADCA\u2019s National Leadership Forum | CADCA","og_description":"Continue \u201cEngineering Healthy Communities\u201d with CADCA at our 27th annual National Leadership Forum and SAMHSA\u2019s 13th Prevention Day. Save the","og_url":"https:\/\/www.cadca.org\/fr\/resource\/save-the-date-for-cadcas-national-leadership-forum\/","og_site_name":"CADCA","og_image":[{"width":880,"height":500,"url":"https:\/\/www.cadca.org\/wp-content\/uploads\/2022\/03\/cadca-member-of-logo1.jpg","type":"image\/jpeg"}],"twitter_card":"summary_large_image","twitter_misc":{"Dur\u00e9e de lecture estim\u00e9e":"2 minutes"},"schema":{"@context":"https:\/\/schema.org","@graph":[{"@type":"WebPage","@id":"https:\/\/www.cadca.org\/resource\/save-the-date-for-cadcas-national-leadership-forum\/","url":"https:\/\/www.cadca.org\/resource\/save-the-date-for-cadcas-national-leadership-forum\/","name":"Save the Date for CADCA\u2019s National Leadership Forum | CADCA","isPartOf":{"@id":"https:\/\/www.cadca.org\/#website"},"datePublished":"2016-08-11T00:00:00+00:00","breadcrumb":{"@id":"https:\/\/www.cadca.org\/resource\/save-the-date-for-cadcas-national-leadership-forum\/#breadcrumb"},"inLanguage":"fr-FR","potentialAction":[{"@type":"ReadAction","target":["https:\/\/www.cadca.org\/resource\/save-the-date-for-cadcas-national-leadership-forum\/"]}]},{"@type":"BreadcrumbList","@id":"https:\/\/www.cadca.org\/resource\/save-the-date-for-cadcas-national-leadership-forum\/#breadcrumb","itemListElement":[{"@type":"ListItem","position":1,"name":"Home","item":"https:\/\/www.cadca.org\/"},{"@type":"ListItem","position":2,"name":"Save the Date for CADCA\u2019s National Leadership Forum"}]},{"@type":"WebSite","@id":"https:\/\/www.cadca.org\/#website","url":"https:\/\/www.cadca.org\/","name":"CADCA","description":"The Premier Prevention Association","potentialAction":[{"@type":"SearchAction","target":{"@type":"EntryPoint","urlTemplate":"https:\/\/www.cadca.org\/?s={search_term_string}"},"query-input":{"@type":"PropertyValueSpecification","valueRequired":true,"valueName":"search_term_string"}}],"inLanguage":"fr-FR"}]}},"_links":{"self":[{"href":"https:\/\/www.cadca.org\/fr\/wp-json\/wp\/v2\/resource\/17436","targetHints":{"allow":["GET"]}}],"collection":[{"href":"https:\/\/www.cadca.org\/fr\/wp-json\/wp\/v2\/resource"}],"about":[{"href":"https:\/\/www.cadca.org\/fr\/wp-json\/wp\/v2\/types\/resource"}],"author":[{"embeddable":true,"href":"https:\/\/www.cadca.org\/fr\/wp-json\/wp\/v2\/users\/23"}],"version-history":[{"count":0,"href":"https:\/\/www.cadca.org\/fr\/wp-json\/wp\/v2\/resource\/17436\/revisions"}],"wp:attachment":[{"href":"https:\/\/www.cadca.org\/fr\/wp-json\/wp\/v2\/media?parent=17436"}],"wp:term":[{"taxonomy":"resource_type","embeddable":true,"href":"https:\/\/www.cadca.org\/fr\/wp-json\/wp\/v2\/resource_type?post=17436"},{"taxonomy":"drug_specific_issues","embeddable":true,"href":"https:\/\/www.cadca.org\/fr\/wp-json\/wp\/v2\/drug_specific_issues?post=17436"},{"taxonomy":"action_to_do","embeddable":true,"href":"https:\/\/www.cadca.org\/fr\/wp-json\/wp\/v2\/action_to_do?post=17436"}],"curies":[{"name":"wp","href":"https:\/\/api.w.org\/{rel}","templated":true}]}}