{"id":17085,"date":"2021-02-25T00:00:00","date_gmt":"2021-02-25T00:00:00","guid":{"rendered":"https:\/\/cadca1stg.wpengine.com\/resource\/coalitions-in-action-rockville-centre-coalition-for-youth-fills-the-gap-with-post-covid-community-prevention-education\/"},"modified":"2021-02-25T00:00:00","modified_gmt":"2021-02-25T00:00:00","slug":"coalitions-in-action-rockville-centre-coalition-for-youth-fills-the-gap-with-post-covid-community-prevention-education","status":"publish","type":"resource","link":"https:\/\/www.cadca.org\/fr\/resource\/coalitions-in-action-rockville-centre-coalition-for-youth-fills-the-gap-with-post-covid-community-prevention-education\/","title":{"rendered":"Coalitions en action \u2013 La Coalition pour les jeunes de Rockville Centre comble le vide en mati\u00e8re d&#039;\u00e9ducation communautaire en mati\u00e8re de pr\u00e9vention post-COVID"},"content":{"rendered":"<p style=\"text-align:center\"><img loading=\"lazy\" decoding=\"async\" alt=\"\" height=\"489\" src=\"https:\/\/www.cadca.org\/wp-content\/uploads\/2022\/12\/ci-2-25-21.jpg\" width=\"776\" \/><\/p>\n<p>\u00ab L&#039;\u00c9tat de New York a \u00e9t\u00e9 grandement touch\u00e9 par la pand\u00e9mie de COVID-19 \u00bb, a d\u00e9clar\u00e9 le coordinateur du projet de la Rockville Center Coalition for Youth. <strong>Ruthanne McCormack<\/strong>. \u00ab Nous n&#039;avons pas \u00e9t\u00e9 en mesure de tenir des r\u00e9unions en personne et de poursuivre notre travail de plaidoyer aupr\u00e8s des responsables des villes, des comt\u00e9s, des \u00c9tats et du gouvernement f\u00e9d\u00e9ral. Au lieu de cela, nous avons utilis\u00e9 les m\u00e9dias sociaux, le syst\u00e8me de radiodiffusion du village et les journaux locaux pour fournir \u00e0 notre communaut\u00e9 des informations importantes et des mises \u00e0 jour sur la fa\u00e7on dont les jeunes sont touch\u00e9s par l&#039;isolement qu&#039;ils subissent pendant la pand\u00e9mie.<\/p>\n<p>\u00ab Les forces de l&#039;ordre locales et d\u00e9partementales, ainsi que les pharmaciens, les h\u00f4pitaux et les professionnels de la sant\u00e9 nous ont fourni des informations sur les surdoses mortelles et non mortelles, les suicides et les probl\u00e8mes de sant\u00e9 mentale qu&#039;ils observent chez les jeunes et les adultes pendant la pand\u00e9mie \u00bb, a d\u00e9clar\u00e9 McCormack. \u00ab Nous avons install\u00e9 deux panneaux d\u2019affichage depuis mars 2020, abordant le risque de consommation de substances et fournissant des informations sur la mani\u00e8re d\u2019obtenir de l\u2019aide. Ces panneaux d\u2019affichage continueront jusqu\u2019en 2021. Le gouverneur de New York envisage de commercialiser la marijuana en 2021, et nous collaborerons avec les membres de nos secteurs de coalition pour cr\u00e9er un panneau d\u2019affichage efficace sur les dangers de la consommation de marijuana.<\/p>\n<p>\u00ab Nous continuons \u00e0 organiser des r\u00e9unions mensuelles de coalition sur Zoom et assistons \u00e9galement aux r\u00e9unions mensuelles du groupe de travail sur la pr\u00e9vention de l&#039;h\u00e9ro\u00efne du comt\u00e9 de Nassau et de la Youth Safety Coalition \u00bb, a d\u00e9clar\u00e9 McCormack. \u00ab Pendant le Mois de l&#039;histoire des Noirs, nous nous sommes associ\u00e9s au centre communautaire Martin Luther King pour organiser une journ\u00e9e amusante d&#039;\u00e9ducation pr\u00e9ventive. Le programme a commenc\u00e9 par une activit\u00e9 d&#039;apprentissage sensibilisant les jeunes aux dirigeants afro-am\u00e9ricains, suivie d&#039;une d\u00e9monstration du service de police de Rockville Centre pour les jeunes plus \u00e2g\u00e9s utilisant les lunettes Fatal Vision. Les lunettes permettent aux jeunes de constater par eux-m\u00eames comment l&#039;alcool et la marijuana peuvent affecter leur comportement cognitif et leurs capacit\u00e9s motrices. Les plus jeunes ont appris \u00e0 quel point l\u2019alcool et d\u2019autres substances peuvent avoir un impact n\u00e9gatif sur leur vie.<\/p>\n<p>\u00ab Nous avons eu l&#039;honneur de faire partie du projet de subvention pour les options non opio\u00efdes, qui nous a permis d&#039;\u00e9duquer notre communaut\u00e9 sur les dangers de la consommation d&#039;opio\u00efdes et sur les options alternatives disponibles pour soulager la douleur apr\u00e8s une intervention chirurgicale et des blessures. Le <a href=\"https:\/\/www.cadca.org\/fr\/resources\/gateway-film-story-how-surgery-and-opioids-transformed-lives-three-families\/\"><strong>Film de passerelle<\/strong><\/a> a \u00e9t\u00e9 diffus\u00e9 au cours du mois de novembre trois fois par jour sur la cha\u00eene de t\u00e9l\u00e9vision de notre village \u00bb, a d\u00e9clar\u00e9 McCormack. \u00ab Le film raconte l\u2019histoire de trois familles touch\u00e9es par un trouble li\u00e9 \u00e0 la consommation d\u2019opio\u00efdes en raison d\u2019une intervention chirurgicale et de blessures sportives, ainsi que l\u2019impact d\u00e9vastateur de la consommation d\u2019opio\u00efdes sur elles. Toutes les pharmacies de notre r\u00e9gion, y compris CVS, Rite Aid et les pharmacies priv\u00e9es, incluent d\u00e9sormais un d\u00e9pliant expliquant l&#039;importance de jeter les m\u00e9dicaments inutilis\u00e9s avec chaque ordonnance. Une bo\u00eete de d\u00e9p\u00f4t permanente de m\u00e9dicaments a \u00e9galement \u00e9t\u00e9 install\u00e9e \u00e0 notre commissariat de police en 2017, et le service de police collecte et d\u00e9truit chaque mois plus de 60 livres de m\u00e9dicaments dans la bo\u00eete de d\u00e9p\u00f4t.<\/p>\n<p>&quot;Nous avons \u00e9galement jou\u00e9 un r\u00f4le d\u00e9terminant dans le plaidoyer pour que notre comt\u00e9 et notre \u00c9tat interdisent les produits de vapotage aromatis\u00e9s&quot;, a d\u00e9clar\u00e9 McCormack. \u00ab Les propri\u00e9taires de magasins qui ont arr\u00eat\u00e9 de vendre des vapes aromatis\u00e9es ont \u00e9t\u00e9 pr\u00e9sent\u00e9s dans notre journal et ceux qui ont continu\u00e9 \u00e0 vendre des vapes aromatis\u00e9es ont \u00e9t\u00e9 condamn\u00e9s \u00e0 une amende. Un magasin de vapotage dans notre village a \u00e9t\u00e9 ferm\u00e9 gr\u00e2ce \u00e0 notre plaidoyer, et les enseignants de sant\u00e9 locaux ont commenc\u00e9 \u00e0 sensibiliser les \u00e9tudiants aux dangers du vapotage et \u00e0 la mani\u00e8re d&#039;obtenir de l&#039;aide en cas de d\u00e9pendance \u00e0 la nicotine.<\/p>\n<p>\u00ab Il est important d&#039;impliquer tous les membres de la communaut\u00e9 \u00bb, a d\u00e9clar\u00e9 McCormack. \u00abNous engageons les membres hispaniques de notre communaut\u00e9 en leur rendant visite l\u00e0 o\u00f9 ils se trouvent au Hispanic Brotherhood Center. Tous les documents sont traduits en espagnol et nos enqu\u00eates aupr\u00e8s des jeunes sont \u00e9galement propos\u00e9es en espagnol. Notre centre local pour personnes \u00e2g\u00e9es et nos \u00e9coles nous ont accueillis pour faire des pr\u00e9sentations en personne avant la COVID-19, et nous proposons d\u00e9sormais des pr\u00e9sentations et des ressources virtuelles \u00e0 ces membres de la communaut\u00e9.\u00a0<\/p>","protected":false},"excerpt":{"rendered":"<p>\u201cNew York state has been greatly impacted by the COVID-19 pandemic,\u201d said Rockville Centre\u00a0Coalition\u00a0for Youth Project Coordinator Ruthanne McCormack. \u201cWe<\/p>","protected":false},"author":23,"featured_media":13347,"template":"","resource_type":[281],"drug_specific_issues":[],"action_to_do":[],"class_list":["post-17085","resource","type-resource","status-publish","has-post-thumbnail","hentry","resource_type-coalitions-online"],"acf":[],"yoast_head":"<!-- This site is optimized with the Yoast SEO plugin v27.4 - https:\/\/yoast.com\/product\/yoast-seo-wordpress\/ -->\n<title>Coalitions in Action\u2014Rockville Centre Coalition for Youth Fills the Gap with Post-COVID Community Prevention Education | CADCA<\/title>\n<meta name=\"robots\" content=\"index, follow, max-snippet:-1, max-image-preview:large, max-video-preview:-1\" \/>\n<link rel=\"canonical\" href=\"https:\/\/www.cadca.org\/fr\/resource\/coalitions-in-action-rockville-centre-coalition-for-youth-fills-the-gap-with-post-covid-community-prevention-education\/\" \/>\n<meta property=\"og:locale\" content=\"fr_FR\" \/>\n<meta property=\"og:type\" content=\"article\" \/>\n<meta property=\"og:title\" content=\"Coalitions in Action\u2014Rockville Centre Coalition for Youth Fills the Gap with Post-COVID Community Prevention Education | CADCA\" \/>\n<meta property=\"og:description\" content=\"\u201cNew York state has been greatly impacted by the COVID-19 pandemic,\u201d said Rockville Centre\u00a0Coalition\u00a0for Youth Project Coordinator Ruthanne McCormack. \u201cWe\" \/>\n<meta property=\"og:url\" content=\"https:\/\/www.cadca.org\/fr\/resource\/coalitions-in-action-rockville-centre-coalition-for-youth-fills-the-gap-with-post-covid-community-prevention-education\/\" \/>\n<meta property=\"og:site_name\" content=\"CADCA\" \/>\n<meta property=\"og:image\" content=\"https:\/\/www.cadca.org\/wp-content\/uploads\/2022\/12\/ci-2-25-21.jpg\" \/>\n\t<meta property=\"og:image:width\" content=\"1141\" \/>\n\t<meta property=\"og:image:height\" content=\"719\" \/>\n\t<meta property=\"og:image:type\" content=\"image\/jpeg\" \/>\n<meta name=\"twitter:card\" content=\"summary_large_image\" \/>\n<meta name=\"twitter:label1\" content=\"Dur\u00e9e de lecture estim\u00e9e\" \/>\n\t<meta name=\"twitter:data1\" content=\"3 minutes\" \/>\n<script type=\"application\/ld+json\" class=\"yoast-schema-graph\">{\"@context\":\"https:\\\/\\\/schema.org\",\"@graph\":[{\"@type\":\"WebPage\",\"@id\":\"https:\\\/\\\/www.cadca.org\\\/resource\\\/coalitions-in-action-rockville-centre-coalition-for-youth-fills-the-gap-with-post-covid-community-prevention-education\\\/\",\"url\":\"https:\\\/\\\/www.cadca.org\\\/resource\\\/coalitions-in-action-rockville-centre-coalition-for-youth-fills-the-gap-with-post-covid-community-prevention-education\\\/\",\"name\":\"Coalitions in Action\u2014Rockville Centre Coalition for Youth Fills the Gap with Post-COVID Community Prevention Education | CADCA\",\"isPartOf\":{\"@id\":\"https:\\\/\\\/www.cadca.org\\\/#website\"},\"primaryImageOfPage\":{\"@id\":\"https:\\\/\\\/www.cadca.org\\\/resource\\\/coalitions-in-action-rockville-centre-coalition-for-youth-fills-the-gap-with-post-covid-community-prevention-education\\\/#primaryimage\"},\"image\":{\"@id\":\"https:\\\/\\\/www.cadca.org\\\/resource\\\/coalitions-in-action-rockville-centre-coalition-for-youth-fills-the-gap-with-post-covid-community-prevention-education\\\/#primaryimage\"},\"thumbnailUrl\":\"https:\\\/\\\/www.cadca.org\\\/wp-content\\\/uploads\\\/2022\\\/12\\\/ci-2-25-21.jpg\",\"datePublished\":\"2021-02-25T00:00:00+00:00\",\"breadcrumb\":{\"@id\":\"https:\\\/\\\/www.cadca.org\\\/resource\\\/coalitions-in-action-rockville-centre-coalition-for-youth-fills-the-gap-with-post-covid-community-prevention-education\\\/#breadcrumb\"},\"inLanguage\":\"fr-FR\",\"potentialAction\":[{\"@type\":\"ReadAction\",\"target\":[\"https:\\\/\\\/www.cadca.org\\\/resource\\\/coalitions-in-action-rockville-centre-coalition-for-youth-fills-the-gap-with-post-covid-community-prevention-education\\\/\"]}]},{\"@type\":\"ImageObject\",\"inLanguage\":\"fr-FR\",\"@id\":\"https:\\\/\\\/www.cadca.org\\\/resource\\\/coalitions-in-action-rockville-centre-coalition-for-youth-fills-the-gap-with-post-covid-community-prevention-education\\\/#primaryimage\",\"url\":\"https:\\\/\\\/www.cadca.org\\\/wp-content\\\/uploads\\\/2022\\\/12\\\/ci-2-25-21.jpg\",\"contentUrl\":\"https:\\\/\\\/www.cadca.org\\\/wp-content\\\/uploads\\\/2022\\\/12\\\/ci-2-25-21.jpg\",\"width\":1141,\"height\":719},{\"@type\":\"BreadcrumbList\",\"@id\":\"https:\\\/\\\/www.cadca.org\\\/resource\\\/coalitions-in-action-rockville-centre-coalition-for-youth-fills-the-gap-with-post-covid-community-prevention-education\\\/#breadcrumb\",\"itemListElement\":[{\"@type\":\"ListItem\",\"position\":1,\"name\":\"Home\",\"item\":\"https:\\\/\\\/www.cadca.org\\\/\"},{\"@type\":\"ListItem\",\"position\":2,\"name\":\"Coalitions in Action\u2014Rockville Centre Coalition for Youth Fills the Gap with Post-COVID Community Prevention Education\"}]},{\"@type\":\"WebSite\",\"@id\":\"https:\\\/\\\/www.cadca.org\\\/#website\",\"url\":\"https:\\\/\\\/www.cadca.org\\\/\",\"name\":\"CADCA\",\"description\":\"The Premier Prevention Association\",\"potentialAction\":[{\"@type\":\"SearchAction\",\"target\":{\"@type\":\"EntryPoint\",\"urlTemplate\":\"https:\\\/\\\/www.cadca.org\\\/?s={search_term_string}\"},\"query-input\":{\"@type\":\"PropertyValueSpecification\",\"valueRequired\":true,\"valueName\":\"search_term_string\"}}],\"inLanguage\":\"fr-FR\"}]}<\/script>\n<!-- \/ Yoast SEO plugin. -->","yoast_head_json":{"title":"Coalitions in Action\u2014Rockville Centre Coalition for Youth Fills the Gap with Post-COVID Community Prevention Education | CADCA","robots":{"index":"index","follow":"follow","max-snippet":"max-snippet:-1","max-image-preview":"max-image-preview:large","max-video-preview":"max-video-preview:-1"},"canonical":"https:\/\/www.cadca.org\/fr\/resource\/coalitions-in-action-rockville-centre-coalition-for-youth-fills-the-gap-with-post-covid-community-prevention-education\/","og_locale":"fr_FR","og_type":"article","og_title":"Coalitions in Action\u2014Rockville Centre Coalition for Youth Fills the Gap with Post-COVID Community Prevention Education | CADCA","og_description":"\u201cNew York state has been greatly impacted by the COVID-19 pandemic,\u201d said Rockville Centre\u00a0Coalition\u00a0for Youth Project Coordinator Ruthanne McCormack. \u201cWe","og_url":"https:\/\/www.cadca.org\/fr\/resource\/coalitions-in-action-rockville-centre-coalition-for-youth-fills-the-gap-with-post-covid-community-prevention-education\/","og_site_name":"CADCA","og_image":[{"width":1141,"height":719,"url":"https:\/\/www.cadca.org\/wp-content\/uploads\/2022\/12\/ci-2-25-21.jpg","type":"image\/jpeg"}],"twitter_card":"summary_large_image","twitter_misc":{"Dur\u00e9e de lecture estim\u00e9e":"3 minutes"},"schema":{"@context":"https:\/\/schema.org","@graph":[{"@type":"WebPage","@id":"https:\/\/www.cadca.org\/resource\/coalitions-in-action-rockville-centre-coalition-for-youth-fills-the-gap-with-post-covid-community-prevention-education\/","url":"https:\/\/www.cadca.org\/resource\/coalitions-in-action-rockville-centre-coalition-for-youth-fills-the-gap-with-post-covid-community-prevention-education\/","name":"Coalitions in Action\u2014Rockville Centre Coalition for Youth Fills the Gap with Post-COVID Community Prevention Education | CADCA","isPartOf":{"@id":"https:\/\/www.cadca.org\/#website"},"primaryImageOfPage":{"@id":"https:\/\/www.cadca.org\/resource\/coalitions-in-action-rockville-centre-coalition-for-youth-fills-the-gap-with-post-covid-community-prevention-education\/#primaryimage"},"image":{"@id":"https:\/\/www.cadca.org\/resource\/coalitions-in-action-rockville-centre-coalition-for-youth-fills-the-gap-with-post-covid-community-prevention-education\/#primaryimage"},"thumbnailUrl":"https:\/\/www.cadca.org\/wp-content\/uploads\/2022\/12\/ci-2-25-21.jpg","datePublished":"2021-02-25T00:00:00+00:00","breadcrumb":{"@id":"https:\/\/www.cadca.org\/resource\/coalitions-in-action-rockville-centre-coalition-for-youth-fills-the-gap-with-post-covid-community-prevention-education\/#breadcrumb"},"inLanguage":"fr-FR","potentialAction":[{"@type":"ReadAction","target":["https:\/\/www.cadca.org\/resource\/coalitions-in-action-rockville-centre-coalition-for-youth-fills-the-gap-with-post-covid-community-prevention-education\/"]}]},{"@type":"ImageObject","inLanguage":"fr-FR","@id":"https:\/\/www.cadca.org\/resource\/coalitions-in-action-rockville-centre-coalition-for-youth-fills-the-gap-with-post-covid-community-prevention-education\/#primaryimage","url":"https:\/\/www.cadca.org\/wp-content\/uploads\/2022\/12\/ci-2-25-21.jpg","contentUrl":"https:\/\/www.cadca.org\/wp-content\/uploads\/2022\/12\/ci-2-25-21.jpg","width":1141,"height":719},{"@type":"BreadcrumbList","@id":"https:\/\/www.cadca.org\/resource\/coalitions-in-action-rockville-centre-coalition-for-youth-fills-the-gap-with-post-covid-community-prevention-education\/#breadcrumb","itemListElement":[{"@type":"ListItem","position":1,"name":"Home","item":"https:\/\/www.cadca.org\/"},{"@type":"ListItem","position":2,"name":"Coalitions in Action\u2014Rockville Centre Coalition for Youth Fills the Gap with Post-COVID Community Prevention Education"}]},{"@type":"WebSite","@id":"https:\/\/www.cadca.org\/#website","url":"https:\/\/www.cadca.org\/","name":"CADCA","description":"The Premier Prevention Association","potentialAction":[{"@type":"SearchAction","target":{"@type":"EntryPoint","urlTemplate":"https:\/\/www.cadca.org\/?s={search_term_string}"},"query-input":{"@type":"PropertyValueSpecification","valueRequired":true,"valueName":"search_term_string"}}],"inLanguage":"fr-FR"}]}},"_links":{"self":[{"href":"https:\/\/www.cadca.org\/fr\/wp-json\/wp\/v2\/resource\/17085","targetHints":{"allow":["GET"]}}],"collection":[{"href":"https:\/\/www.cadca.org\/fr\/wp-json\/wp\/v2\/resource"}],"about":[{"href":"https:\/\/www.cadca.org\/fr\/wp-json\/wp\/v2\/types\/resource"}],"author":[{"embeddable":true,"href":"https:\/\/www.cadca.org\/fr\/wp-json\/wp\/v2\/users\/23"}],"version-history":[{"count":0,"href":"https:\/\/www.cadca.org\/fr\/wp-json\/wp\/v2\/resource\/17085\/revisions"}],"wp:featuredmedia":[{"embeddable":true,"href":"https:\/\/www.cadca.org\/fr\/wp-json\/wp\/v2\/media\/13347"}],"wp:attachment":[{"href":"https:\/\/www.cadca.org\/fr\/wp-json\/wp\/v2\/media?parent=17085"}],"wp:term":[{"taxonomy":"resource_type","embeddable":true,"href":"https:\/\/www.cadca.org\/fr\/wp-json\/wp\/v2\/resource_type?post=17085"},{"taxonomy":"drug_specific_issues","embeddable":true,"href":"https:\/\/www.cadca.org\/fr\/wp-json\/wp\/v2\/drug_specific_issues?post=17085"},{"taxonomy":"action_to_do","embeddable":true,"href":"https:\/\/www.cadca.org\/fr\/wp-json\/wp\/v2\/action_to_do?post=17085"}],"curies":[{"name":"wp","href":"https:\/\/api.w.org\/{rel}","templated":true}]}}