{"id":17721,"date":"2015-09-24T00:00:00","date_gmt":"2015-09-24T00:00:00","guid":{"rendered":"https:\/\/cadca1stg.wpengine.com\/resource\/2016-national-leadership-forum-call-for-presentations-now-open-tracks-announced\/"},"modified":"2015-09-24T00:00:00","modified_gmt":"2015-09-24T00:00:00","slug":"2016-national-leadership-forum-call-for-presentations-now-open-tracks-announced","status":"publish","type":"resource","link":"https:\/\/www.cadca.org\/es\/resource\/2016-national-leadership-forum-call-for-presentations-now-open-tracks-announced\/","title":{"rendered":"Convocatoria de presentaciones del Foro Nacional de Liderazgo 2016 YA ABIERTA, Se anunciaron las pistas"},"content":{"rendered":"<table border=\"0\" cellpadding=\"0\" cellspacing=\"0\" style=\"width:100.0%\">\n<tbody>\n<tr>\n<td style=\"width:584px\">\n<p>CADCA se complace en anunciar la convocatoria de presentaciones para nuestro 26\u00ba Foro Nacional de Liderazgo. Esta conferencia de cuatro d\u00edas se basa en la pr\u00e1ctica y tiene como objetivo reunir a cerca de 3.000 participantes que representan coaliciones comunitarias antidrogas de todas las regiones del pa\u00eds e internacionalmente, l\u00edderes gubernamentales, j\u00f3venes, especialistas en prevenci\u00f3n, profesionales del tratamiento de adicciones, defensores de la recuperaci\u00f3n de adicciones e investigadores. , profesionales encargados de hacer cumplir la ley y l\u00edderes religiosos para crear y mantener comunidades seguras, saludables y libres de drogas en todo el mundo.<\/p>\n<p>La convocatoria de presentaciones est\u00e1 abierta a todas las coaliciones comunitarias antidrogas; organizaciones comunitarias de prevenci\u00f3n; agencias gubernamentales centradas en el abuso de sustancias, la salud mental, la justicia penal, la salud p\u00fablica, la seguridad p\u00fablica y disciplinas relacionadas; organizaciones miembros del sector de la coalici\u00f3n; y otras organizaciones interesadas en la prevenci\u00f3n y defensa del abuso de sustancias. Las presentaciones se ofrecer\u00e1n durante per\u00edodos de talleres de 75 minutos que se ofrecer\u00e1n los martes y jueves del Foro Nacional de Liderazgo.<\/p>\n<p>La primera persona que se presente en un taller recibe una inscripci\u00f3n gratuita, la segunda persona recibe una tarifa de orador con descuento de $400 y cualquier orador adicional en el curso pagar\u00e1 la tarifa completa aplicable.<\/p>\n<p>Para obtener m\u00e1s informaci\u00f3n, comun\u00edquese con Samantha Moore en <a href=\"mailto:forum@cadca.org?subject=Question%20Regarding%20the%202016%20Forum%20Call%20for%20Presentations\" target=\"_blank\" rel=\"noopener\">forum@cadca.org<\/a>.<\/p>\n<p>La fecha l\u00edmite de presentaci\u00f3n es el 13 de octubre a las 11:59 am EST.<\/p>\n<p>Para enviar una propuesta, haga clic aqu\u00ed.<\/p>\n<p>\t\t\tPara ayudar a guiar la redacci\u00f3n de su propuesta, aqu\u00ed est\u00e1n los temas de las sesiones de capacitaci\u00f3n del Foro Nacional de Liderazgo de 2016. Las sesiones de capacitaci\u00f3n (de setenta y cinco minutos de duraci\u00f3n) y las presentaciones de carteles de la Feria de Ideas se programar\u00e1n en las siguientes \u00e1reas tem\u00e1ticas y se programar\u00e1n a lo largo de la conferencia.<\/p>\n<p><strong>Coaliciones: un impacto colectivo<\/strong><\/p>\n<p>El movimiento de coalici\u00f3n ha logrado \u00e9xito en la aplicaci\u00f3n de la investigaci\u00f3n sobre prevenci\u00f3n a la pr\u00e1ctica mediante la traducci\u00f3n, la adaptaci\u00f3n y el trabajo de campo. Las sesiones de capacitaci\u00f3n contar\u00e1n con coaliciones y profesionales que tengan evidencia demostrativa del impacto a nivel poblacional e historias de comunidades donde han medido el \u00e9xito. Esta pista tambi\u00e9n se centrar\u00e1 en el uso de datos para contar su historia y transmitir resultados; utilizar los hallazgos de los datos para justificar la implementaci\u00f3n de la estrategia; desarrollar y utilizar modelos l\u00f3gicos basados en resultados; utilizaci\u00f3n de t\u00e9cnicas de datos cualitativos para recopilar datos de evaluaci\u00f3n y resultados; utilizar la investigaci\u00f3n detr\u00e1s de la eficacia de la coalici\u00f3n para extraer lecciones aprendidas; y enfoques probados para replicar estrategias en otras comunidades.<\/p>\n<p><strong>Coaliciones: el punto de vista del liderazgo<\/strong><\/p>\n<p>El liderazgo de calidad es un elemento esencial para la longevidad, la viabilidad y la sostenibilidad de las coaliciones comunitarias y sus esfuerzos. El movimiento de coalici\u00f3n necesita l\u00edderes que representen muchos \u00e1mbitos de la vida y que asuman muchas responsabilidades cr\u00edticas durante amplios per\u00edodos de tiempo si quiere permanecer en el negocio el tiempo suficiente para marcar una diferencia. El desarrollo del liderazgo, la evaluaci\u00f3n del desempe\u00f1o y la planificaci\u00f3n de la sucesi\u00f3n son sucesos naturales en las corporaciones de primer nivel, las empresas comerciales y las destacadas organizaciones sin fines de lucro. En estas sesiones de capacitaci\u00f3n pr\u00e1ctica, los l\u00edderes de la coalici\u00f3n aprender\u00e1n a crear planes de acci\u00f3n y desarrollo de liderazgo y sucesi\u00f3n.<\/p>\n<p><strong>Coaliciones: \u00e9xitos empresariales<\/strong><br \/>\n\t\t\tLos negocios importan. Organizaciones comunitarias notables y sostenibles han aprendido a gestionar el negocio, no s\u00f3lo el programa, de sus objetivos estrat\u00e9gicos. Cuando las coaliciones dan un paso atr\u00e1s para organizar sus empresas y desarrollar un plan determinado para conducirse de una manera m\u00e1s empresarial, el desempe\u00f1o se dispara. Esta v\u00eda ayudar\u00e1 a las coaliciones a organizarse para el \u00e9xito, fortalecer su base, determinar el retorno estrat\u00e9gico de las inversiones y planificar la institucionalizaci\u00f3n de su trabajo en la visi\u00f3n y misi\u00f3n de la comunidad.\u00a0<\/p>\n<p><strong>Coaliciones: comunicando influencia<\/strong><br \/>\n\t\t\tLos mensajes eficaces, la presencia en los medios y una imagen p\u00fablica respetable pueden magnificar la experiencia en prevenci\u00f3n de su coalici\u00f3n. Las sesiones de capacitaci\u00f3n abordar\u00e1n los principios del desarrollo de mensajes; campa\u00f1as de mensajer\u00eda para apoyar estrategias; desarrollo de imagen y marca; desarrollo de asociaciones con el sector de los medios de comunicaci\u00f3n; asuntos p\u00fablicos y relaciones con los medios; presencia din\u00e1mica en las redes sociales; y m\u00e9tricas y medidas de estrategias de medios y comunicaciones. Esta pista tambi\u00e9n le ense\u00f1ar\u00e1 c\u00f3mo convertirse en la fuente de los medios y en el experto en temas relacionados con las drogas.<\/p>\n<p><strong>Coaliciones: hitos de colaboraci\u00f3n<\/strong><br \/>\n\t\t\tLas estrategias basadas en el lugar permiten que las coaliciones movilicen a poblaciones espec\u00edficas con estrategias que son relevantes y viables dada la geograf\u00eda y la cultura de la comunidad que se moviliza. Cuando existe un sentido de espacio compartido y conexi\u00f3n, deben producirse cambios comunitarios significativos y duraderos de manera que celebren los distintos aspectos culturales y \u00e9tnicos de las poblaciones. Esta modalidad incluir\u00e1 cursos que aborden tanto las perspectivas como los desaf\u00edos de fortalecer coaliciones en comunidades con demograf\u00eda \u00e9tnica que cambia r\u00e1pidamente, entornos indios americanos, comunidades fronterizas entre Estados Unidos y M\u00e9xico, vecindarios urbanos y del centro de la ciudad, \u00e1reas rurales y fronterizas, campus universitarios, militares. instalaciones y tambi\u00e9n aquellas que abordan las necesidades de la comunidad LGBTQ.<\/p>\n<p><strong>Coaliciones: defensores poderosos <\/strong><br \/>\n\t\t\tLas coaliciones tienen poder gracias a su gran red de defensores de la prevenci\u00f3n de drogas que se levantan y hablan. Las sesiones de capacitaci\u00f3n contar\u00e1n con la participaci\u00f3n de responsables pol\u00edticos; crear e implementar mensajes educativos y de promoci\u00f3n; utilizar los medios para promover el cambio de pol\u00edticas y sistemas; involucrar al p\u00fablico en general para avanzar en nuestra agenda de educaci\u00f3n y promoci\u00f3n; y t\u00e1cticas de movilizaci\u00f3n comunitaria.<\/p>\n<p><strong>Coaliciones: importancia intersectorial<\/strong><br \/>\n\t\t\tLas coaliciones son capaces de coordinar colaboraciones sofisticadas entre sistemas para lograr cambios a nivel comunitario. Los cursos incluir\u00e1n la implementaci\u00f3n de iniciativas comunitarias integrales multidisciplinarias y el abordaje de cuestiones de nexo que afectan la salud y la seguridad p\u00fablicas. Se cubrir\u00e1 la ampliaci\u00f3n del impacto colectivo y la planificaci\u00f3n e implementaci\u00f3n intersectorial.<\/p>\n<p><strong>Coaliciones: campeones juveniles din\u00e1micos <\/strong><br \/>\n\t\t\t\u00a1Los j\u00f3venes de todo el pa\u00eds est\u00e1n trabajando para mantener sus comunidades seguras, saludables y libres de drogas! Los participantes en esta v\u00eda tendr\u00e1n la oportunidad de aumentar sus habilidades y conocimientos asistiendo a una serie de sesiones interactivas. Se pondr\u00e1 \u00e9nfasis en estrategias progresivas para el trabajo comunitario y t\u00e9cnicas de presentaci\u00f3n de \u00faltima generaci\u00f3n. Las propuestas de particular inter\u00e9s incluyen aquellas que abordan enfoques integrales para la participaci\u00f3n juvenil, el cambio c\u00edvico liderado por j\u00f3venes y la participaci\u00f3n de los j\u00f3venes como agentes de cambio para fomentar el cambio de sistemas. Esta pista es para j\u00f3venes y adultos interesados.<\/p>\n<p>\u00a0<\/p>\n<\/td>\n<\/tr>\n<\/tbody>\n<\/table>","protected":false},"excerpt":{"rendered":"<p>CADCA is pleased to announce the Call for Presentations for our 26th National Leadership Forum. This four-day conference is practice-based<\/p>","protected":false},"author":23,"featured_media":0,"template":"","resource_type":[281],"drug_specific_issues":[],"action_to_do":[],"class_list":["post-17721","resource","type-resource","status-publish","hentry","resource_type-coalitions-online"],"acf":[],"yoast_head":"<!-- This site is optimized with the Yoast SEO plugin v27.4 - https:\/\/yoast.com\/product\/yoast-seo-wordpress\/ -->\n<title>2016 National Leadership Forum Call for Presentations NOW OPEN, Tracks Announced | CADCA<\/title>\n<meta name=\"robots\" content=\"index, follow, max-snippet:-1, max-image-preview:large, max-video-preview:-1\" \/>\n<link rel=\"canonical\" href=\"https:\/\/www.cadca.org\/es\/resource\/2016-national-leadership-forum-call-for-presentations-now-open-tracks-announced\/\" \/>\n<meta property=\"og:locale\" content=\"es_ES\" \/>\n<meta property=\"og:type\" content=\"article\" \/>\n<meta property=\"og:title\" content=\"2016 National Leadership Forum Call for Presentations NOW OPEN, Tracks Announced | CADCA\" \/>\n<meta property=\"og:description\" content=\"CADCA is pleased to announce the Call for Presentations for our 26th National Leadership Forum. This four-day conference is practice-based\" \/>\n<meta property=\"og:url\" content=\"https:\/\/www.cadca.org\/es\/resource\/2016-national-leadership-forum-call-for-presentations-now-open-tracks-announced\/\" \/>\n<meta property=\"og:site_name\" content=\"CADCA\" \/>\n<meta property=\"og:image\" content=\"https:\/\/www.cadca.org\/wp-content\/uploads\/2022\/03\/cadca-member-of-logo1.jpg\" \/>\n\t<meta property=\"og:image:width\" content=\"880\" \/>\n\t<meta property=\"og:image:height\" content=\"500\" \/>\n\t<meta property=\"og:image:type\" content=\"image\/jpeg\" \/>\n<meta name=\"twitter:card\" content=\"summary_large_image\" \/>\n<meta name=\"twitter:label1\" content=\"Tiempo de lectura\" \/>\n\t<meta name=\"twitter:data1\" content=\"4 minutos\" \/>\n<script type=\"application\/ld+json\" class=\"yoast-schema-graph\">{\"@context\":\"https:\\\/\\\/schema.org\",\"@graph\":[{\"@type\":\"WebPage\",\"@id\":\"https:\\\/\\\/www.cadca.org\\\/resource\\\/2016-national-leadership-forum-call-for-presentations-now-open-tracks-announced\\\/\",\"url\":\"https:\\\/\\\/www.cadca.org\\\/resource\\\/2016-national-leadership-forum-call-for-presentations-now-open-tracks-announced\\\/\",\"name\":\"2016 National Leadership Forum Call for Presentations NOW OPEN, Tracks Announced | CADCA\",\"isPartOf\":{\"@id\":\"https:\\\/\\\/www.cadca.org\\\/#website\"},\"datePublished\":\"2015-09-24T00:00:00+00:00\",\"breadcrumb\":{\"@id\":\"https:\\\/\\\/www.cadca.org\\\/resource\\\/2016-national-leadership-forum-call-for-presentations-now-open-tracks-announced\\\/#breadcrumb\"},\"inLanguage\":\"es\",\"potentialAction\":[{\"@type\":\"ReadAction\",\"target\":[\"https:\\\/\\\/www.cadca.org\\\/resource\\\/2016-national-leadership-forum-call-for-presentations-now-open-tracks-announced\\\/\"]}]},{\"@type\":\"BreadcrumbList\",\"@id\":\"https:\\\/\\\/www.cadca.org\\\/resource\\\/2016-national-leadership-forum-call-for-presentations-now-open-tracks-announced\\\/#breadcrumb\",\"itemListElement\":[{\"@type\":\"ListItem\",\"position\":1,\"name\":\"Home\",\"item\":\"https:\\\/\\\/www.cadca.org\\\/\"},{\"@type\":\"ListItem\",\"position\":2,\"name\":\"2016 National Leadership Forum Call for Presentations NOW OPEN, Tracks Announced\"}]},{\"@type\":\"WebSite\",\"@id\":\"https:\\\/\\\/www.cadca.org\\\/#website\",\"url\":\"https:\\\/\\\/www.cadca.org\\\/\",\"name\":\"CADCA\",\"description\":\"The Premier Prevention Association\",\"potentialAction\":[{\"@type\":\"SearchAction\",\"target\":{\"@type\":\"EntryPoint\",\"urlTemplate\":\"https:\\\/\\\/www.cadca.org\\\/?s={search_term_string}\"},\"query-input\":{\"@type\":\"PropertyValueSpecification\",\"valueRequired\":true,\"valueName\":\"search_term_string\"}}],\"inLanguage\":\"es\"}]}<\/script>\n<!-- \/ Yoast SEO plugin. -->","yoast_head_json":{"title":"2016 National Leadership Forum Call for Presentations NOW OPEN, Tracks Announced | CADCA","robots":{"index":"index","follow":"follow","max-snippet":"max-snippet:-1","max-image-preview":"max-image-preview:large","max-video-preview":"max-video-preview:-1"},"canonical":"https:\/\/www.cadca.org\/es\/resource\/2016-national-leadership-forum-call-for-presentations-now-open-tracks-announced\/","og_locale":"es_ES","og_type":"article","og_title":"2016 National Leadership Forum Call for Presentations NOW OPEN, Tracks Announced | CADCA","og_description":"CADCA is pleased to announce the Call for Presentations for our 26th National Leadership Forum. This four-day conference is practice-based","og_url":"https:\/\/www.cadca.org\/es\/resource\/2016-national-leadership-forum-call-for-presentations-now-open-tracks-announced\/","og_site_name":"CADCA","og_image":[{"width":880,"height":500,"url":"https:\/\/www.cadca.org\/wp-content\/uploads\/2022\/03\/cadca-member-of-logo1.jpg","type":"image\/jpeg"}],"twitter_card":"summary_large_image","twitter_misc":{"Tiempo de lectura":"4 minutos"},"schema":{"@context":"https:\/\/schema.org","@graph":[{"@type":"WebPage","@id":"https:\/\/www.cadca.org\/resource\/2016-national-leadership-forum-call-for-presentations-now-open-tracks-announced\/","url":"https:\/\/www.cadca.org\/resource\/2016-national-leadership-forum-call-for-presentations-now-open-tracks-announced\/","name":"2016 National Leadership Forum Call for Presentations NOW OPEN, Tracks Announced | CADCA","isPartOf":{"@id":"https:\/\/www.cadca.org\/#website"},"datePublished":"2015-09-24T00:00:00+00:00","breadcrumb":{"@id":"https:\/\/www.cadca.org\/resource\/2016-national-leadership-forum-call-for-presentations-now-open-tracks-announced\/#breadcrumb"},"inLanguage":"es","potentialAction":[{"@type":"ReadAction","target":["https:\/\/www.cadca.org\/resource\/2016-national-leadership-forum-call-for-presentations-now-open-tracks-announced\/"]}]},{"@type":"BreadcrumbList","@id":"https:\/\/www.cadca.org\/resource\/2016-national-leadership-forum-call-for-presentations-now-open-tracks-announced\/#breadcrumb","itemListElement":[{"@type":"ListItem","position":1,"name":"Home","item":"https:\/\/www.cadca.org\/"},{"@type":"ListItem","position":2,"name":"2016 National Leadership Forum Call for Presentations NOW OPEN, Tracks Announced"}]},{"@type":"WebSite","@id":"https:\/\/www.cadca.org\/#website","url":"https:\/\/www.cadca.org\/","name":"CADCA","description":"The Premier Prevention Association","potentialAction":[{"@type":"SearchAction","target":{"@type":"EntryPoint","urlTemplate":"https:\/\/www.cadca.org\/?s={search_term_string}"},"query-input":{"@type":"PropertyValueSpecification","valueRequired":true,"valueName":"search_term_string"}}],"inLanguage":"es"}]}},"_links":{"self":[{"href":"https:\/\/www.cadca.org\/es\/wp-json\/wp\/v2\/resource\/17721","targetHints":{"allow":["GET"]}}],"collection":[{"href":"https:\/\/www.cadca.org\/es\/wp-json\/wp\/v2\/resource"}],"about":[{"href":"https:\/\/www.cadca.org\/es\/wp-json\/wp\/v2\/types\/resource"}],"author":[{"embeddable":true,"href":"https:\/\/www.cadca.org\/es\/wp-json\/wp\/v2\/users\/23"}],"version-history":[{"count":0,"href":"https:\/\/www.cadca.org\/es\/wp-json\/wp\/v2\/resource\/17721\/revisions"}],"wp:attachment":[{"href":"https:\/\/www.cadca.org\/es\/wp-json\/wp\/v2\/media?parent=17721"}],"wp:term":[{"taxonomy":"resource_type","embeddable":true,"href":"https:\/\/www.cadca.org\/es\/wp-json\/wp\/v2\/resource_type?post=17721"},{"taxonomy":"drug_specific_issues","embeddable":true,"href":"https:\/\/www.cadca.org\/es\/wp-json\/wp\/v2\/drug_specific_issues?post=17721"},{"taxonomy":"action_to_do","embeddable":true,"href":"https:\/\/www.cadca.org\/es\/wp-json\/wp\/v2\/action_to_do?post=17721"}],"curies":[{"name":"wp","href":"https:\/\/api.w.org\/{rel}","templated":true}]}}