{"id":17168,"date":"2023-05-07T00:00:00","date_gmt":"2023-05-07T00:00:00","guid":{"rendered":"https:\/\/cadca1stg.wpengine.com\/resource\/cadcas-webinar-wednesdays-series\/"},"modified":"2023-12-11T15:20:40","modified_gmt":"2023-12-11T15:20:40","slug":"cadcas-webinar-wednesdays-series","status":"publish","type":"resource","link":"https:\/\/www.cadca.org\/es\/resource\/cadcas-webinar-wednesdays-series\/","title":{"rendered":"CADCA&#8217;s Webinar Wednesday Series"},"content":{"rendered":"<style media=\"all\" type=\"text\/css\">\n\n    \n    \/* xs & sm (mobile) *\/\n    @media (max-width: 767.98px) {\n        }\n\n    \/* md (tablet) *\/\n    @media (min-width: 768px) and (max-width: 1199.98px) {\n        }\n\n    \/* lg (desktop) *\/\n    @media (min-width: 1200px) {\n        }\n\n    \/* custom styles *\/\n    <\/style>\n<section class=\"rte  block_6e8998e02889522e96b73ff4a63d1ce1\" id=\"block_6e8998e02889522e96b73ff4a63d1ce1\">\n    <div class=\"container\">\n        <p class=\"rtecenter\"><img loading=\"lazy\" decoding=\"async\" class=\"aligncenter wp-image-20308 size-full\" src=\"https:\/\/www.cadca.org\/wp-content\/uploads\/2023\/05\/WebinarWednesday-Icon-4.png\" alt=\"\" width=\"500\" height=\"500\" srcset=\"https:\/\/www.cadca.org\/wp-content\/uploads\/2023\/05\/WebinarWednesday-Icon-4.png 500w, https:\/\/www.cadca.org\/wp-content\/uploads\/2023\/05\/WebinarWednesday-Icon-4-300x300.png 300w, https:\/\/www.cadca.org\/wp-content\/uploads\/2023\/05\/WebinarWednesday-Icon-4-150x150.png 150w, https:\/\/www.cadca.org\/wp-content\/uploads\/2023\/05\/WebinarWednesday-Icon-4-12x12.png 12w\" sizes=\"auto, (max-width: 500px) 100vw, 500px\" \/><\/p>\n<p><span style=\"font-size: 16px\"><span style=\"font-family: tahoma,geneva,sans-serif\">\u00a1Este evento de seminario web mensual gratuito ser\u00e1 organizado por varios capacitadores de CADCA y cubrir\u00e1 temas que van desde la participaci\u00f3n del sector hasta la sostenibilidad, y m\u00e1s!<\/span><\/span><\/p>\n<p><u><span style=\"font-size: 20px\"><strong><span style=\"font-family: tahoma, geneva, sans-serif\">Pr\u00f3ximos seminarios web<\/span><\/strong><\/span><\/u><\/p>\n<p><span style=\"font-family: tahoma, geneva, sans-serif\"><b>\u00a1M\u00e1s informaci\u00f3n pr\u00f3ximamente!<\/b><\/span><\/p>\n<p><u style=\"font-family: tahoma, geneva, sans-serif;font-size: 16px\"><strong>Seminarios web completados<\/strong><\/u><\/p>\n<p><span style=\"font-family: Lato, sans-serif;font-size: 16px\"><span style=\"font-family: tahoma, geneva, sans-serif\"><strong>December 6, 2023<\/strong><\/span><\/span><br \/>\n<strong><span style=\"font-family: tahoma, geneva, sans-serif\"><span style=\"font-size: 16px\"><span class=\"NormalTextRun SCXW142322379 BCX8\">Liderazgo eficaz de la coalici\u00f3n<\/span><\/span><\/span><\/strong><\/p>\n<p class=\"xmsonormal\"><span style=\"font-family: tahoma, arial, helvetica, sans-serif\">What is \u201ceffective leadership\u201d? How do I lead coalition members who are mostly volunteers? And another thing, how do I lead comprehensive strategies across an entire community? Yeah, that\u2019s a tall order and several of us have sat in a corner trying to figure it all out. This interactive session will cover the transformational leadership model and how it can be used to inspire community partners. It will also coach community change practices to coalition members. Finally, participants will be placed in groups to discuss how they would apply the leadership model to their work context and community. And hopefully we\u2019ll spend less time in our corners.<\/span><\/p>\n<p><a href=\"https:\/\/youtu.be\/Xk1bhs0Ll0o\" target=\"_blank\" rel=\"noopener\"><span style=\"color: #0000ff;font-family: tahoma, geneva, sans-serif\"><b>Ver grabaci\u00f3n<\/b><\/span><\/a><\/p>\n<p><a href=\"https:\/\/www.cadca.org\/wp-content\/uploads\/2023\/12\/Effective-Coalition-Leadership-Webinar-Wednesday.pptx\"><span style=\"color: #0000ff;font-family: tahoma, geneva, sans-serif\"><b>Presentaci\u00f3n de acceso<\/b><\/span><\/a><\/p>\n<p><span style=\"font-family: Lato, sans-serif;font-size: 16px\"><span style=\"font-family: tahoma, geneva, sans-serif\"><strong>25 de octubre de 2023<\/strong><\/span><\/span><br \/>\n<strong><span style=\"font-family: tahoma, geneva, sans-serif\"><span style=\"font-size: 16px\"><span class=\"NormalTextRun SCXW142322379 BCX8\">ABC de una promoci\u00f3n eficaz<\/span><\/span><\/span><\/strong><\/p>\n<p class=\"xmsonormal\"><span style=\"font-family: tahoma, arial, helvetica, sans-serif\">Sue Thau, una veterana en el campo de las pol\u00edticas y la promoci\u00f3n, discutir\u00e1 c\u00f3mo abogar eficazmente por la prevenci\u00f3n del uso de sustancias. Ella utilizar\u00e1 el MARCO y el an\u00e1lisis de poder, cubrir\u00e1 lo que se debe y no se debe hacer en la promoci\u00f3n y las mejores pr\u00e1cticas, \u00a1y compartir\u00e1 c\u00f3mo poner la promoci\u00f3n en acci\u00f3n!<\/span><\/p>\n<p><a href=\"https:\/\/www.youtube.com\/watch?v=dE2-C2rY1Es\" target=\"_blank\" rel=\"noopener\"><span style=\"color: #0000ff;font-family: tahoma, geneva, sans-serif\"><b>Ver grabaci\u00f3n<\/b><\/span><\/a><\/p>\n<p><a href=\"https:\/\/www.cadca.org\/wp-content\/uploads\/2023\/05\/Oct-2023-Webinar-Weds-slides.pptx\"><span style=\"color: #0000ff;font-family: tahoma, geneva, sans-serif\"><b>Presentaci\u00f3n de acceso<\/b><\/span><\/a><\/p>\n<p><span style=\"font-family: Lato, sans-serif;font-size: 16px\"><span style=\"font-family: tahoma, geneva, sans-serif\"><strong>13 de septiembre de 2023<\/strong><\/span><\/span><br \/>\n<strong><span style=\"font-family: tahoma, geneva, sans-serif\"><span style=\"font-size: 16px\"><span class=\"NormalTextRun SCXW142322379 BCX8\">C\u00f3mo iniciar un programa educativo sobre vapeo e interactuar con las escuelas p\u00fablicas locales<\/span><\/span><\/span><\/strong><\/p>\n<p class=\"xmsonormal\"><span style=\"font-family: tahoma, arial, helvetica, sans-serif\">En todo Estados Unidos, j\u00f3venes, escuelas y coaliciones informan que el vapeo est\u00e1 aumentando. Nacional <\/span><span style=\"font-family: tahoma, arial, helvetica, sans-serif\">Los datos apuntan a un aumento en los \u00faltimos a\u00f1os, y los esfuerzos de prevenci\u00f3n se est\u00e1n intensificando para abordar esta epidemia. Este seminario web cubrir\u00e1 brevemente c\u00f3mo nuestro pa\u00eds lleg\u00f3 a este punto con el vapeo y luego profundizar\u00e1 en la discusi\u00f3n sobre c\u00f3mo involucrar a las escuelas en los esfuerzos de prevenci\u00f3n, espec\u00edficamente con los diversos planes de estudios que est\u00e1n disponibles actualmente. Los participantes tendr\u00e1n la oportunidad de discutir los desaf\u00edos y barreras, as\u00ed como los \u00e9xitos, con la participaci\u00f3n escolar en torno al tema del vapeo juvenil.\u00a0<\/span><\/p>\n<p><a href=\"https:\/\/youtu.be\/lWmO351-0Lc\"><span style=\"color: #0000ff;font-family: tahoma, geneva, sans-serif\"><span style=\"font-size: 16px\"><b>Grabaci\u00f3n del seminario web<\/b><\/span><\/span><\/a><\/p>\n<p><a href=\"https:\/\/www.cadca.org\/wp-content\/uploads\/2023\/09\/Top-Successes_Challenges-in-Engaging-Schools.pdf\"><span style=\"color: #0000ff;font-family: tahoma, geneva, sans-serif\"><b>Materiales adicionales<\/b><\/span><\/a><\/p>\n<p><span style=\"font-family: Lato, sans-serif;font-size: 16px\"><span style=\"font-family: tahoma, geneva, sans-serif\"><strong>30 de agosto de 2023\u00a0<\/strong><\/span><\/span><br \/>\n<span style=\"font-family: Lato, sans-serif;font-size: 16px\"><span style=\"font-family: tahoma, geneva, sans-serif\"><strong>Panelistas: Catherine Thatcher Brunson y Sarah Canavese<\/strong><\/span><\/span><br \/>\n<strong><span style=\"font-family: tahoma, geneva, sans-serif\"><span style=\"font-size: 16px\"><span class=\"NormalTextRun SCXW142322379 BCX8\"><span class=\"ui-provider ep brl bji brm brn bro brp brq brr brs brt bru brv brw brx bry brz bsa bsb bsc bsd bse bsf bsg bsh bsi bsj bsk bsl bsm bsn bso bsp bsq bsr\" dir=\"ltr\">Lo que las coaliciones necesitan saber sobre la Red de Respuesta a Opioides<\/span><\/span><\/span><\/span><\/strong><\/p>\n<p><span style=\"font-family: tahoma, arial, helvetica, sans-serif\">\u00danase a nosotros en un interesante seminario web centrado en aprovechar la asistencia t\u00e9cnica y la capacitaci\u00f3n de Opioid Response Network para impulsar pr\u00e1cticas basadas en evidencia en la prevenci\u00f3n, el tratamiento y la recuperaci\u00f3n de los trastornos por consumo de opioides y estimulantes. Esta sesi\u00f3n presentar\u00e1 los antecedentes del proyecto financiado por SAMHSA, la variedad de organizaciones asociadas como CADCA que est\u00e1n trabajando en la subvenci\u00f3n y mostrar\u00e1 c\u00f3mo se responder\u00edan a sus solicitudes de capacitaci\u00f3n y asistencia t\u00e9cnica. Adem\u00e1s, lo guiaremos a trav\u00e9s del proceso de presentaci\u00f3n de solicitudes de asistencia t\u00e9cnica y compartiremos el trabajo de otros l\u00edderes de la coalici\u00f3n y prevencionistas.\u00a0<\/span><\/p>\n<p><span style=\"font-family: tahoma, arial, helvetica, sans-serif\">Despu\u00e9s de una breve descripci\u00f3n general de ORN y su enfoque adaptado localmente, nos sumergiremos en discusiones interactivas. Le mostramos c\u00f3mo facilitar una discusi\u00f3n con su coalici\u00f3n sobre las prioridades y desaf\u00edos en la lucha contra el uso indebido de opioides, involucrando a los socios del sector en el tratamiento y la recuperaci\u00f3n, e identificando a los beneficiarios clave de la capacitaci\u00f3n y asistencia t\u00e9cnica de la ORN. Los participantes ver\u00e1n c\u00f3mo identificar las principales prioridades que fomentan la acci\u00f3n enfocada.\u00a0\u00a0<\/span><\/p>\n<p><a href=\"https:\/\/youtu.be\/xmFKBqH_rl0\"><span style=\"color: #0000ff;font-family: tahoma, geneva, sans-serif\"><span style=\"font-size: 16px\"><b>Grabaci\u00f3n del seminario web<\/b><\/span><\/span><\/a><\/p>\n<p><a href=\"https:\/\/www.cadca.org\/wp-content\/uploads\/2023\/09\/CADCAORN.Overview-8.30.23.pptx\"><span style=\"color: #0000ff;font-family: tahoma, geneva, sans-serif\"><b>Presentaci\u00f3n de acceso<\/b><\/span><\/a><\/p>\n<p><span style=\"font-family: Lato, sans-serif;font-size: 16px\"><span style=\"font-family: tahoma, geneva, sans-serif\"><strong>28 de junio de 2023<\/strong><\/span><\/span><br \/>\n<span style=\"font-family: Lato, sans-serif;font-size: 16px\"><span style=\"font-family: tahoma, geneva, sans-serif\"><strong>Panelistas: Jacqueline Haas, Christina Mancebo-Torres, Andrea M\u00e1rquez, Jos\u00e9 Pietri y Gretchen Rovira<\/strong><\/span><\/span><br \/>\n<strong><span style=\"font-family: tahoma, geneva, sans-serif\"><span style=\"font-size: 16px\"><b>Involucramiento de Comunidades Latino \u2013 Estadounidenses en Coaliciones de Prevencion: Retos, Soluciones y Lecciones Aprendidas<\/b><\/span><\/span><\/strong><\/p>\n<p><span style=\"font-size: 16px\"><span style=\"font-family: tahoma, geneva, sans-serif\">Un panel de discusi\u00f3n (realizado en espa\u00f1ol) cubrir\u00e1 los temas enumerados a continuaci\u00f3n. Los panelistas compartir\u00e1n sus experiencias profesionales en el campo de la prevenci\u00f3n mientras trabajan en diversas comunidades:<\/span><\/span><\/p>\n<ul style=\"margin-left: 40px\">\n<li><span style=\"font-size: 16px\"><span style=\"font-family: tahoma, geneva, sans-serif\">Describir la relaci\u00f3n entre el estigma y la epidemia de opioides y la comunidad latina en los Estados Unidos<\/span><\/span><\/li>\n<li><span style=\"font-size: 16px\"><span style=\"font-family: tahoma, geneva, sans-serif\">Describir la importancia de involucrar a los j\u00f3venes en el trabajo de coalici\u00f3n<\/span><\/span><\/li>\n<li><span style=\"font-size: 16px\"><span style=\"font-family: tahoma, geneva, sans-serif\">Describir los enfoques de salud mental y su relaci\u00f3n con la prevenci\u00f3n del abuso de sustancias<\/span><\/span><\/li>\n<li><span style=\"font-size: 16px\"><span style=\"font-family: tahoma, geneva, sans-serif\">Describir estrategias efectivas para promover la participaci\u00f3n de la comunidad latina en el trabajo de coalici\u00f3n<\/span><\/span><\/li>\n<\/ul>\n<p><a href=\"https:\/\/youtu.be\/VMoFBmuaYNw\"><span style=\"color: #0000ff;font-family: tahoma, geneva, sans-serif\"><span style=\"font-size: 16px\"><b>Grabaci\u00f3n del seminario web<\/b><\/span><\/span><\/a><\/p>\n<p><a href=\"https:\/\/www.cadca.org\/wp-content\/uploads\/2023\/06\/CADCA_En_Espanol-Webinar-.pptx\"><span style=\"color: #0000ff;font-family: tahoma, geneva, sans-serif\"><b>Presentaci\u00f3n de acceso<\/b><\/span><\/a><\/p>\n<p><span style=\"font-family: Lato, sans-serif;font-size: 16px\"><span style=\"font-family: tahoma, geneva, sans-serif\"><strong>14 de junio de 2023<\/strong><\/span><\/span><br \/>\n<span style=\"font-family: Lato, sans-serif;font-size: 16px\"><span style=\"font-family: tahoma, geneva, sans-serif\"><strong>Panelistas: Miembros del Comit\u00e9 Asesor de la Coalici\u00f3n CADCA, Mike Lopez y Kevin McCloskey<\/strong><\/span><\/span><br \/>\n<strong><span style=\"font-family: tahoma, geneva, sans-serif\"><span style=\"font-size: 16px\">Prevenci\u00f3n del abuso de sustancias entre los j\u00f3venes LGBTQ+ a trav\u00e9s del apoyo comunitario y de pares<\/span><\/span><\/strong><\/p>\n<p><span style=\"font-size: 16px\"><span style=\"font-family: tahoma, geneva, sans-serif\">Este seminario web ofrecer\u00e1 formas de trabajar y apoyar a los j\u00f3venes LGBTQ+, espec\u00edficamente j\u00f3venes de 12 a 24 a\u00f1os. Los presentadores abordar\u00e1n las necesidades espec\u00edficas de los j\u00f3venes LGBTQ+ y c\u00f3mo los profesionales adultos pueden crear espacios seguros y afirmativos. Los participantes tendr\u00e1n la oportunidad de trabajar en escenarios relacionados con abordar a los j\u00f3venes sobre temas complejos e identificar espacios seguros actuales y necesarios en su agencia y comunidad. Se proporcionar\u00e1n recursos nacionales para ofrecer a los participantes herramientas para j\u00f3venes en entornos rurales, suburbanos y urbanos.<\/span><\/span><\/p>\n<p><a href=\"https:\/\/www.youtube.com\/watch?v=YObHYLDapZo\"><span style=\"color: #0000ff;font-family: tahoma, geneva, sans-serif\"><span style=\"font-size: 16px\"><b>Grabaci\u00f3n del seminario web<\/b><\/span><\/span><\/a><\/p>\n<p><a href=\"https:\/\/www.cadca.org\/wp-content\/uploads\/2023\/06\/Preventing-substance-misuse-among-LGBTQ-youth-through-peer-and-community-support.pptx\"><span style=\"color: #0000ff;font-family: tahoma, geneva, sans-serif\"><span style=\"font-size: 16px\"><b>Presentaci\u00f3n de acceso<\/b><\/span><\/span><\/a><\/p>\n<p><span style=\"font-family: Lato, sans-serif;font-size: 16px\"><span style=\"font-family: tahoma, geneva, sans-serif\"><strong>19 de abril de 2023<\/strong><\/span><\/span><br \/>\n<span style=\"font-family: Lato, sans-serif;font-size: 16px\"><span style=\"font-family: tahoma, geneva, sans-serif\"><strong>Panelista: Capacitador de CADCA, Jerria Martin<\/strong><\/span><\/span><br \/>\n<span style=\"font-family: tahoma, geneva, sans-serif\"><span style=\"font-size: 16px\"><b>Mejora de la capacidad, el apoyo y los recursos en las ciudades del interior urbano<\/b><\/span><\/span><\/p>\n<p><span style=\"font-size: 16px\"><span style=\"font-family: tahoma, geneva, sans-serif\">Esta sesi\u00f3n reuni\u00f3 a l\u00edderes urbanos para discutir las estrategias de prevenci\u00f3n basadas en evidencia que utilizan para abordar y disminuir con \u00e9xito el consumo de sustancias por parte de los j\u00f3venes en las zonas urbanas\/dentro de las ciudades.<\/span><\/span><\/p>\n<p><span style=\"font-size: 16px\"><span style=\"font-family: tahoma, geneva, sans-serif\">Debido a dificultades t\u00e9cnicas, la grabaci\u00f3n y la presentaci\u00f3n de PowerPoint no est\u00e1n disponibles actualmente.<\/span><\/span><\/p>\n<p><span style=\"font-family: Lato, sans-serif;font-size: 16px\"><span style=\"font-family: tahoma, geneva, sans-serif\"><strong>8 de marzo de 2023<\/strong><\/span><\/span><br \/>\n<span style=\"font-family: Lato, sans-serif;font-size: 16px\"><span style=\"font-family: tahoma, geneva, sans-serif\"><strong>Panelista: Instructora de CADCA, Angela Da Re<\/strong><\/span><\/span><br \/>\n<span style=\"font-family: tahoma, geneva, sans-serif\"><span style=\"font-size: 16px\"><b>Encienda la llama: creando un incendio forestal de apoyo de los padres<\/b><\/span><\/span><\/p>\n<p><span style=\"font-size: 16px\"><span style=\"font-family: tahoma, geneva, sans-serif\">El reclutamiento y la retenci\u00f3n son fundamentales para el \u00e9xito de cualquier coalici\u00f3n, pero la participaci\u00f3n s\u00f3lida de los padres puede ser la chispa que enciende el fuego en toda la comunidad. Este seminario web destacar\u00e1 las estrategias para aumentar el \u00e9xito de la divulgaci\u00f3n, la participaci\u00f3n de los participantes y la asociaci\u00f3n, espec\u00edficamente en torno a la participaci\u00f3n de los padres y el respaldo de la misi\u00f3n. Aprenda sobre estrategias de reclutamiento proactivas y reactivas y t\u00e9cnicas de divulgaci\u00f3n para involucrar a adultos de crianza de muchos or\u00edgenes y culturas. Trabajando cooperativamente, comenzar\u00e1 a identificar lo que es esencial para los padres y cuidadores, c\u00f3mo ayudarlos a creer en su misi\u00f3n y tomar medidas para lograr las metas de la coalici\u00f3n.<\/span><\/span><\/p>\n<p><a href=\"https:\/\/www.youtube.com\/watch?v=UhKiaDuxxUo\"><span style=\"color: #0000ff;font-family: tahoma, geneva, sans-serif\"><span style=\"font-size: 16px\"><b>Grabaci\u00f3n del seminario web<\/b><\/span><\/span><\/a><\/p>\n<p><a href=\"https:\/\/www.cadca.org\/wp-content\/uploads\/2023\/05\/wednesday_wedinar_slides_light_the_flame_3.8.23_angela_final.pptx\"><span style=\"color: #0000ff;font-family: tahoma, geneva, sans-serif\"><span style=\"font-size: 16px\"><b>Presentaci\u00f3n de acceso<\/b><\/span><\/span><\/a><\/p>\n<p><a href=\"https:\/\/www.cadca.org\/es\/sites\/default\/files\/recruitment_strategy_worksheet.docx\/\"><span style=\"color: #0000ff;font-family: tahoma, geneva, sans-serif\"><span style=\"font-size: 16px\"><b>Acceder a la hoja de trabajo<\/b><\/span><\/span><\/a><\/p>\n<p><span style=\"font-family: Lato, sans-serif;font-size: 16px\"><span style=\"font-family: tahoma, geneva, sans-serif\"><strong>22 de febrero de 2023<\/strong><\/span><\/span><br \/>\n<span style=\"font-family: Lato, sans-serif;font-size: 16px\"><span style=\"font-family: tahoma, geneva, sans-serif\"><strong>Panelista: Elizabeth Gerndt, MPH<\/strong><\/span><\/span><br \/>\n<span style=\"font-size: 16px\"><span style=\"font-family: tahoma, geneva, sans-serif\"><b>Abordar la equidad en salud con la regulaci\u00f3n de la densidad del alcohol<\/b><\/span><\/span><\/p>\n<p><span style=\"font-size: 16px\"><span style=\"font-family: tahoma, geneva, sans-serif\">CADCA\u00a0<a href=\"https:\/\/www.geohealthequity.org\/\">Alianza Geogr\u00e1fica de Equidad en Salud (GHEA)<\/a>\u00a0y\u00a0<\/span><\/span><span style=\"font-family: tahoma, geneva, sans-serif;font-size: 16px\"><strong>elizabeth gerndt<\/strong>, directora de proyectos en<\/span><span style=\"font-size: 16px\"><span style=\"font-family: tahoma, geneva, sans-serif\">\u00a0<a href=\"https:\/\/countertools.org\/\">Herramientas de mostrador<\/a>, discutir\u00e1 el impacto en la salud p\u00fablica de la densidad de puntos de venta de alcohol y c\u00f3mo las pol\u00edticas que regulan la densidad pueden usarse para abordar la equidad en salud.<\/span><\/span><\/p>\n<p><a href=\"https:\/\/www.youtube.com\/watch?v=CEXNRBo_FdY\"><strong><span style=\"color: #0000ff\"><span style=\"font-size: 16px\"><span style=\"font-family: tahoma, geneva, sans-serif\">Grabaci\u00f3n del seminario web<\/span><\/span><\/span><\/strong><\/a><\/p>\n<p><a href=\"https:\/\/www.cadca.org\/wp-content\/uploads\/2023\/05\/2.2023_wednesday_webinar_.addressing_health_equity_with_alcohol_outlet_density_regulation_final_slides.pdf\"><strong><span style=\"color: #0000ff\"><span style=\"font-size: 16px\"><span style=\"font-family: tahoma, geneva, sans-serif\">Presentaci\u00f3n de acceso<\/span><\/span><\/span><\/strong><\/a><\/p>\n<p><span style=\"font-family: Lato, sans-serif;font-size: 16px\"><span style=\"font-family: tahoma, geneva, sans-serif\"><strong>18 de enero de 2023<\/strong><\/span><\/span><br \/>\n<span style=\"font-family: Lato, sans-serif;font-size: 16px\"><span style=\"font-family: tahoma, geneva, sans-serif\"><strong>Panelista: Amanda Hampton<\/strong><\/span><\/span><br \/>\n<span style=\"font-size: 16px\"><span style=\"font-family: tahoma, geneva, sans-serif\"><b>Trauma 101 \u2013 El impacto de las ACE<\/b><\/span><\/span><\/p>\n<p><span style=\"font-size: 16px\"><span style=\"font-family: tahoma, geneva, sans-serif\">Este seminario web ser\u00e1 una versi\u00f3n condensada de Trauma 101, una capacitaci\u00f3n creada por los Servicios de Salud Mental, Adicci\u00f3n a las Drogas y Alcohol del Condado de Montgomery en asociaci\u00f3n con los Servicios de Adicci\u00f3n y Salud Mental de Ohio que brinda una descripci\u00f3n general fundamental y conciencia sobre el trauma: ACE, resiliencia y trauma -atenci\u00f3n informada para cualquier persona en la comunidad que interact\u00fae con personas y familias que puedan haber experimentado un trauma. Esto incluye administradores de casos, profesionales de servicios humanos, educadores\/administradores escolares, la comunidad religiosa, empleadores, agencias gubernamentales y otros.<\/span><\/span><\/p>\n<p><strong><a href=\"https:\/\/youtu.be\/VQOzSYANpRY\"><span style=\"color: #0000ff\"><span style=\"font-size: 16px\"><span style=\"font-family: tahoma, geneva, sans-serif\">Grabaci\u00f3n del seminario web<\/span><\/span><\/span><\/a><\/strong><\/p>\n<p><a href=\"https:\/\/www.cadca.org\/wp-content\/uploads\/2023\/05\/wednesday_wedinar_slides_aces_1.18.23.pptx\"><strong><span style=\"color: #0000ff\"><span style=\"font-size: 16px\"><span style=\"font-family: tahoma, geneva, sans-serif\">Presentaci\u00f3n de acceso<\/span><\/span><\/span><\/strong><\/a><\/p>\n<p><span style=\"font-family: Lato, sans-serif;font-size: 16px\"><span style=\"font-family: tahoma, geneva, sans-serif\"><strong>14 de diciembre de 2022<\/strong><\/span><\/span><br \/>\n<span style=\"font-family: Lato, sans-serif;font-size: 16px\"><span style=\"font-family: tahoma, geneva, sans-serif\"><strong>Panelistas: Raiko Mendoza, Sean Moore y Jennifer Sinfelt<\/strong><\/span><\/span><br \/>\n<span style=\"font-size: 16px\"><span style=\"font-family: tahoma, geneva, sans-serif\"><b>El desarrollo empresarial es el desarrollo de relaciones<\/b><br \/>\n<span class=\"TextRun Highlight SCXW88216930 BCX8\" lang=\"EN-US\" style=\"font-style: normal;aspect-ratio: auto;background-image: none;background-position: 0% 0%;background-size: auto;background-repeat: repeat;background-attachment: scroll;background-blend-mode: normal;border-collapse: separate;border-spacing: 0px;border-radius: 0px;box-shadow: none;caption-side: top;clear: none;color: #000000;columns: auto auto;column-fill: balance;gap: normal;column-rule: 0px none #000000;column-span: none;cursor: text;direction: ltr;filter: none;flex: 0 1 auto;flex-flow: row nowrap;float: none;height: auto;line-height: 19.425px;margin: 0px;max-height: none;max-width: none;min-height: 0px;min-width: 0px;object-fit: fill;object-position: 50% 50%;opacity: 1;overflow: visible;padding: 0px;position: static;vertical-align: baseline;border: 0px none #000000\" data-contrast=\"none\"><span class=\"NormalTextRun SCXW88216930 BCX8\">En este seminario web Fundraising 101, aprender\u00e1 c\u00f3mo encontrar socios comunitarios que compartan nuestra misi\u00f3n de crear comunidades saludables y libres de drogas y que deseen que su coalici\u00f3n tenga \u00e9xito. Este seminario web cubrir\u00e1 diferentes tipos de financiadores, le mostrar\u00e1 c\u00f3mo encontrar clientes potenciales, c\u00f3mo calificar un cliente potencial potencial y d\u00f3nde buscar diferentes fuentes de ingresos. Se ir\u00e1 con la motivaci\u00f3n para comenzar a cultivar asociaciones a largo plazo para garantizar la sostenibilidad a largo plazo de su coalici\u00f3n.<\/span><\/span><\/span><\/span>.<\/p>\n<p><a href=\"https:\/\/youtu.be\/qpUNxF3KYU4\"><span style=\"color: #0000ff;font-family: tahoma, geneva, sans-serif\"><span style=\"font-size: 16px\"><b>Grabaci\u00f3n del seminario web<\/b><\/span><\/span><\/a><\/p>\n<p><a href=\"https:\/\/www.cadca.org\/wp-content\/uploads\/2023\/05\/fundraising_101_12-14-22.pptx\"><span style=\"color: #0000ff;font-family: tahoma, geneva, sans-serif\"><span style=\"font-size: 16px\"><b>Presentaci\u00f3n de acceso<\/b><\/span><\/span><\/a><\/p>\n<p><span style=\"font-family: Lato, sans-serif;font-size: 16px\"><span style=\"font-family: tahoma, geneva, sans-serif\"><strong>9 de noviembre de 2022<\/strong><\/span><\/span><br \/>\n<span style=\"font-family: Lato, sans-serif;font-size: 16px\"><span style=\"font-family: tahoma, geneva, sans-serif\"><strong>Panelistas: Sue Thau y Chris Doarn<\/strong><\/span><\/span><br \/>\n<span style=\"font-size: 16px\"><span style=\"font-family: tahoma, geneva, sans-serif\"><b>El ABC de la abogac\u00eda efectiva: el nuevo kit de herramientas de abogac\u00eda de CADCA<\/b><br \/>\nAprenda c\u00f3mo abogar de manera efectiva por la prevenci\u00f3n del uso de sustancias utilizando el an\u00e1lisis FRAME y el an\u00e1lisis de poder.<\/span><\/span><\/p>\n<p><strong><a href=\"https:\/\/www.youtube.com\/watch?v=VhrDZKWsVwg\"><span style=\"color: #0000ff\"><span style=\"font-family: tahoma, geneva, sans-serif\"><span style=\"font-size: 16px\">Grabaci\u00f3n del seminario web<\/span><\/span><\/span><\/a><\/strong><\/p>\n<p><strong><a href=\"https:\/\/view.officeapps.live.com\/op\/view.aspx?src=https%3A%2F%2Fwww.cadca.org%2Fsites%2Fdefault%2Ffiles%2F11.9.22_webinar_wednesdsay_-_sue_and_chris.pptx&amp;wdOrigin=BROWSELINK\"><span style=\"color: #0000ff\"><span style=\"font-family: tahoma, geneva, sans-serif\"><span style=\"font-size: 16px\">Presentaci\u00f3n de acceso<\/span><\/span><\/span><\/a><\/strong><\/p>\n<p><span style=\"font-family: Lato, sans-serif;font-size: 16px\"><span style=\"font-family: tahoma, geneva, sans-serif\"><strong>26 de octubre de 2022<\/strong><\/span><\/span><br \/>\n<span style=\"font-family: Lato, sans-serif;font-size: 16px\"><span style=\"font-family: tahoma, geneva, sans-serif\"><strong>Panelistas: Kristina Clark y Sue Thau<\/strong><\/span><\/span><br \/>\n<span style=\"font-size: 16px\"><span style=\"font-family: tahoma, geneva, sans-serif\"><b>Poner en acci\u00f3n tendencias, datos locales e historias<\/b><br \/>\nConozca las tendencias hist\u00f3ricas y c\u00f3mo las coaliciones afectaron esas tendencias, aprenda las mejores pr\u00e1cticas para incorporar la evaluaci\u00f3n y la planificaci\u00f3n de tendencias en el trabajo de la coalici\u00f3n, descubra asociaciones potenciales y desarrolle canales de comunicaci\u00f3n y aprenda c\u00f3mo las coaliciones crearon cambios en las pol\u00edticas en sus comunidades y estados usando Delta-8 THC como un caso de estudio.<\/span><\/span><\/p>\n<p><strong><a href=\"https:\/\/www.youtube.com\/watch?v=E7smEeeh8kE\"><span style=\"color: #0000ff\"><span style=\"font-size: 16px\"><span style=\"font-family: tahoma, geneva, sans-serif\">Grabaci\u00f3n del seminario web<\/span><\/span><\/span><\/a><\/strong><\/p>\n<p><span style=\"font-family: Lato, sans-serif;font-size: 16px\"><span style=\"font-family: tahoma, geneva, sans-serif\"><strong>21 de septiembre de 2022<\/strong><\/span><\/span><br \/>\n<span style=\"font-family: Lato, sans-serif;font-size: 16px\"><span style=\"font-family: tahoma, geneva, sans-serif\"><strong>Panelistas: Relja Ugrinic, Natalie Kulick y Ebony King<\/strong><\/span><\/span><br \/>\n<span style=\"font-size: 16px\"><span style=\"font-family: tahoma, geneva, sans-serif\"><b>Enfoque basado en la comunidad para la creaci\u00f3n de contenido<\/b><br \/>\n<span style=\"color: #232333\">\u00bfSu coalici\u00f3n se ha topado con un bloqueo creativo cuando se trata de crear contenido para redes sociales? \u00bfEst\u00e1 buscando mejores formas de conectarse con su comunidad, exhibir su trabajo o educar y llegar a los j\u00f3venes? Este seminario web se sumergir\u00e1 en ideas de creaci\u00f3n de contenido, ejemplos y mejores pr\u00e1cticas para llevar su juego de redes sociales al siguiente nivel.<\/span><\/span><\/span><\/p>\n<p><a href=\"https:\/\/youtu.be\/YOFTuZwAS9Y\"><span style=\"color: #0000ff;font-family: tahoma, geneva, sans-serif\"><span style=\"font-size: 16px\"><b>Grabaci\u00f3n del seminario web<\/b><\/span><\/span><\/a><\/p>\n<p><a href=\"https:\/\/www.cadca.org\/wp-content\/uploads\/2023\/05\/content_creation_webinar_wednesday.pdf\"><span style=\"color: #0000ff;font-family: tahoma, geneva, sans-serif\"><span style=\"font-size: 16px\"><b>Presentaci\u00f3n de acceso<\/b><\/span><\/span><\/a><\/p>\n<p><span style=\"font-family: Lato, sans-serif;font-size: 16px\"><span style=\"font-family: tahoma, geneva, sans-serif\"><strong>31 de agosto de 2022<\/strong><\/span><\/span><br \/>\n<span style=\"font-family: Lato, sans-serif;font-size: 16px\"><span style=\"font-family: tahoma, geneva, sans-serif\"><strong>Panelista: V\u00edctor Shi<\/strong><\/span><\/span><br \/>\n<span style=\"font-size: 16px\"><span style=\"font-family: tahoma, geneva, sans-serif\"><b>Involucrar a los miembros de la coalici\u00f3n juvenil en la pol\u00edtica<\/b><br \/>\n<span style=\"color: #232333\">Si algo est\u00e1 claro es el poder y la perspectiva que aportan los j\u00f3venes all\u00e1 donde van. son curiosos Est\u00e1n ansiosos por el cambio. Y ellos son los l\u00edderes no del ma\u00f1ana, sino de hoy. A medida que el mundo enfrenta desaf\u00edos cada vez mayores, especialmente cuando se trata del uso de sustancias, esta sesi\u00f3n tiene como objetivo brindar a los l\u00edderes de coaliciones de adultos las herramientas necesarias para empoderar a los j\u00f3venes para que adopten pol\u00edticas y creen otras nuevas. A trav\u00e9s de esta sesi\u00f3n, exploraremos lo que significa el t\u00e9rmino &quot;pol\u00edtica&quot;, el proceso de elaboraci\u00f3n de pol\u00edticas, la primicia sobre lo que les importa a los legisladores y, quiz\u00e1s lo m\u00e1s importante, c\u00f3mo cambiar la pol\u00edtica: cada componente presentar\u00e1 formas de involucrar a los j\u00f3venes en el proceso tambi\u00e9n.<\/span><\/span><\/span><\/p>\n<p><a href=\"https:\/\/youtu.be\/UMJ9qhLHfVs\"><span style=\"color: #0000ff;font-family: tahoma, geneva, sans-serif\"><span style=\"font-size: 16px\"><b>Grabaci\u00f3n del seminario web<\/b><\/span><\/span><\/a><\/p>\n<p><a href=\"https:\/\/www.cadca.org\/wp-content\/uploads\/2023\/05\/yl_wednesday_webinar_8.31_powerpoint.pptx\"><span style=\"color: #0000ff;font-family: tahoma, geneva, sans-serif\"><span style=\"font-size: 16px\"><b>Presentaci\u00f3n de acceso<\/b><\/span><\/span><\/a><\/p>\n<p><span style=\"font-family: Lato, sans-serif;font-size: 16px\"><span style=\"font-family: tahoma, geneva, sans-serif\"><strong>1 de junio de 2022<\/strong><\/span><\/span><br \/>\n<span style=\"font-family: Lato, sans-serif;font-size: 16px\"><span style=\"font-family: tahoma, geneva, sans-serif\"><strong>Panelistas:\u00a0<\/strong><\/span><\/span><strong style=\"font-family: tahoma, geneva, sans-serif;font-size: 16px\">Dylan Ellerbee, Amy Luckiewicz, Dr. Patrick Daly<\/strong><br \/>\n<b style=\"font-family: tahoma, geneva, sans-serif;font-size: 16px\">Socios poderosos: c\u00f3mo involucrar a sus escuelas en la prevenci\u00f3n<\/b><br \/>\n<span style=\"font-family: tahoma, geneva, sans-serif;font-size: 16px\">Desde la aceptaci\u00f3n hasta el compromiso total, aprenda c\u00f3mo una ciudad de Massachusetts construy\u00f3 relaciones con sus escuelas p\u00fablicas durante los \u00faltimos cinco a\u00f1os. Moderada por el Entrenador Maestro de CADCA, Dylan Ellerbee, esta sesi\u00f3n le brindar\u00e1 las herramientas para que su sistema escolar pase de donde est\u00e1 hoy a un compromiso total con su coalici\u00f3n en el futuro. Escuchar\u00e1 a la directora de DFC de la ciudad, Amy Luckiewicz, sobre las lecciones aprendidas, c\u00f3mo asociarse mejor para la recopilaci\u00f3n de datos y crear asociaciones con educadores. El superintendente de escuelas p\u00fablicas, el Dr. Patrick Daly, compartir\u00e1 lo que las Coaliciones DFC deben tener en cuenta para involucrar a los socios de las escuelas p\u00fablicas y c\u00f3mo maximizar los recursos escolares en el trabajo de prevenci\u00f3n.<\/span><span style=\"font-size: 16px\"><span style=\"font-family: tahoma, geneva, sans-serif\">\u00a0comunidades\u00a0<\/span><\/span><br \/>\n<a style=\"color: #1451f1;font-family: tahoma, geneva, sans-serif;font-size: 16px\" href=\"https:\/\/youtu.be\/J1CQteVrUlM\" target=\"_blank\" rel=\"noopener\"><span style=\"color: #0000ff\"><b>Grabaci\u00f3n del seminario web<\/b><\/span><\/a><\/p>\n<p><span style=\"font-family: Lato, sans-serif;font-size: 16px\"><span style=\"font-family: tahoma, geneva, sans-serif\"><strong>25 de mayo de 2022<\/strong><\/span><\/span><br \/>\n<span style=\"font-family: Lato, sans-serif;font-size: 16px\"><span style=\"font-family: tahoma, geneva, sans-serif\"><strong>Panelistas: Elizabeth Do, Sarah Freeark, Neisha Williams, Alex Parks y Megan Jacobs<\/strong><\/span><\/span><br \/>\n<span style=\"font-size: 16px\"><span style=\"font-family: tahoma, geneva, sans-serif\"><b>Llegar a conocer la verdad: recursos para inspirar vidas libres de fumar, vapear y nicotina<\/b><br \/>\nEste seminario web presentar\u00e1 a los participantes los recursos que est\u00e1n disponibles a trav\u00e9s de Truth Initiative, incluida la campa\u00f1a Truth\u00ae y su evaluaci\u00f3n, Vaping: Know the Truth, programa de prevenci\u00f3n de vapeo, programas de participaci\u00f3n de la comunidad y los j\u00f3venes, y This is Quitting, un vapeo basado en mensajes de texto. programa para dejar de fumar para j\u00f3venes y adultos j\u00f3venes.<\/span><\/span><\/p>\n<p><span style=\"font-size: 16px\"><span style=\"font-family: tahoma, geneva, sans-serif\"><strong>Nota IMPORTANTE:<\/strong>\u00a0<em>Este seminario web no se grab\u00f3 para verlo m\u00e1s tarde.<\/em><\/span><\/span><\/p>\n<p><span style=\"font-family: Lato, sans-serif;font-size: 16px\"><span style=\"font-family: tahoma, geneva, sans-serif\"><strong>6 de abril de 2022<\/strong><\/span><\/span><br \/>\n<span style=\"font-family: Lato, sans-serif;font-size: 16px\"><span style=\"font-family: tahoma, geneva, sans-serif\"><strong>Entrenador: Colber Prosper<\/strong><\/span><\/span><br \/>\n<span style=\"font-size: 16px\"><span style=\"font-family: tahoma, geneva, sans-serif\"><b>M\u00e1s que superficial<\/b><\/span><\/span><br \/>\n<span style=\"font-size: 16px\"><span style=\"font-family: tahoma, geneva, sans-serif\">El estr\u00e9s es un factor motivador para el uso\/abuso de sustancias. El estr\u00e9s cr\u00f3nico, que es el estr\u00e9s durante un per\u00edodo prolongado de tiempo, puede causar problemas de salud f\u00edsica y enfermedades mentales. Entonces, \u00bfqu\u00e9 significar\u00eda si el estr\u00e9s cr\u00f3nico de uno est\u00e1 asociado a su complexi\u00f3n de piel y\/o etnicidad? Se ha descubierto que la discriminaci\u00f3n racial es un factor estresante para varias comunidades de color y las personas est\u00e1n usando sustancias para hacerle frente. Esta sesi\u00f3n interactiva cubri\u00f3 c\u00f3mo la construcci\u00f3n social de la raza tiene un impacto devastador en la salud de las personas de color. Los participantes fueron las herramientas y los recursos para ayudar a su coalici\u00f3n a pensar en estrategias para mejorar las iniciativas de equidad en salud de sus comunidades.<\/span><\/span><\/p>\n<p><a href=\"https:\/\/youtu.be\/aqJygOJkJes\"><span style=\"font-size: 16px\"><span style=\"font-family: tahoma, geneva, sans-serif\"><span style=\"color: #0000ff\"><b>Grabaci\u00f3n del seminario web<\/b><\/span><\/span><\/span><\/a><br \/>\n<strong style=\"font-family: tahoma, geneva, sans-serif;font-size: 16px\"><span style=\"color: #0000ff\">Presentaci\u00f3n de acceso<\/span><\/strong><br \/>\n<span style=\"color: #0000ff;font-family: tahoma, geneva, sans-serif\"><span style=\"font-size: 16px\"><b>Recursos:\u00a0<\/b><\/span><\/span><span style=\"color: #0000ff;font-family: tahoma, geneva, sans-serif\"><span style=\"font-size: 16px\"><b><a href=\"https:\/\/www.ted.com\/talks\/dolly_chugh_how_to_let_go_of_being_a_good_person_and_become_a_better_person\">Charla TED: C\u00f3mo dejar de ser una &quot;buena&quot; persona y convertirse en una mejor persona<\/a>,\u00a0<\/b><\/span><\/span><span style=\"color: #0000ff;font-family: tahoma, geneva, sans-serif\"><span style=\"font-size: 16px\"><b><a href=\"https:\/\/www.cadca.org\/wp-content\/uploads\/2023\/05\/gare-racial_equity_toolkit.pdf\">Kit de herramientas de equidad racial<\/a>,\u00a0<a href=\"https:\/\/www.cadca.org\/wp-content\/uploads\/2023\/05\/racial_discrimination_identification_and_mitigation_worksheet.pdf\">Hoja de Trabajo para la Identificaci\u00f3n y Mitigaci\u00f3n de la Discriminaci\u00f3n Racial<\/a><\/b><\/span><\/span><span style=\"font-size: 16px\"><span style=\"font-family: tahoma, geneva, sans-serif\"><strong>9 de marzo de 2022<\/strong><\/span><\/span><\/p>\n<p><span style=\"font-family: Lato, sans-serif;font-size: 16px\"><span style=\"font-family: tahoma, geneva, sans-serif\"><strong>9 de marzo de 2022<\/strong><\/span><\/span><br \/>\n<span style=\"font-family: Lato, sans-serif;font-size: 16px\"><span style=\"font-family: tahoma, geneva, sans-serif\"><strong>Entrenador: Rick Collins<\/strong><\/span><\/span><br \/>\n<span style=\"font-size: 16px\"><span style=\"font-family: tahoma, geneva, sans-serif\"><span style=\"font-weight: 600\">Maneras efectivas de involucrar al sector del gobierno local en el proceso SPF de su coalici\u00f3n<\/span><\/span><\/span><br \/>\n<span style=\"font-family: tahoma, geneva, sans-serif;font-size: 16px\">El seminario web se enfoca en la importancia de involucrar al sector del gobierno local al inicio del proceso SPF, y las formas en que las coaliciones pueden involucrar significativamente al sector del gobierno de una manera que sea mutuamente beneficiosa para ambas partes.<\/span><br \/>\n<a href=\"https:\/\/youtu.be\/e9T9S9IehCY\"><span style=\"font-size: 16px\"><span style=\"font-family: tahoma, geneva, sans-serif\"><span style=\"color: #0000ff\"><b>Grabaci\u00f3n del seminario web<\/b><\/span><\/span><\/span><\/a><br \/>\n<strong style=\"font-family: tahoma, geneva, sans-serif;font-size: 16px\"><a href=\"https:\/\/www.cadca.org\/wp-content\/uploads\/2023\/05\/effective_ways_to_engage_the_local_government_sector_into_your_coalitions_spf_process_ppt.pdf\"><span style=\"color: #0000ff\">Presentaci\u00f3n de acceso<\/span><\/a><\/strong><\/p>\n<p><span style=\"font-size: 16px\"><span style=\"font-family: tahoma, geneva, sans-serif\"><strong>16 de febrero de 2022<br \/>\nEntrenador: Yvonne Stroman<\/strong><br \/>\n<span style=\"font-weight: 600\">Asociaci\u00f3n con la comunidad de recuperaci\u00f3n en nombre de la prevenci\u00f3n<\/span><\/span><\/span><br \/>\n<span style=\"font-family: Lato, Helvetica, Arial;font-size: 14px\"><span style=\"font-size: 16px\"><span style=\"font-family: tahoma, geneva, sans-serif\">La literatura cient\u00edfica ha identificado a los grupos de ayuda mutua de 12 pasos como factores que contribuyen a la recuperaci\u00f3n a largo plazo del uso y abuso de sustancias. Estos grupos pueden contribuir a la mejora de la comunidad y la prevenci\u00f3n del abuso de sustancias. Conozca los modelos existentes y los sistemas de apoyo emergentes que pueden asociarse con coaliciones comunitarias en el desarrollo, la planificaci\u00f3n y la implementaci\u00f3n de estrategias de prevenci\u00f3n.<\/span><\/span><\/span><br \/>\n<a href=\"https:\/\/youtu.be\/AbxltZ2cqzo\"><span style=\"font-size: 16px\"><span style=\"font-family: tahoma, geneva, sans-serif\"><span style=\"color: #0000ff\"><b>Grabaci\u00f3n del seminario web<\/b><\/span><\/span><\/span><\/a><br \/>\n<a href=\"https:\/\/www.cadca.org\/wp-content\/uploads\/2023\/05\/engaging_specialized_populations_in_capacity_building_ppt.pdf\"><strong><span style=\"font-size: 16px\"><span style=\"font-family: tahoma, geneva, sans-serif\"><span style=\"color: #0000ff\">Presentaci\u00f3n de acceso<\/span><\/span><\/span><\/strong><\/a><\/p>\n<p><span style=\"font-size: 16px\"><span style=\"font-family: tahoma, geneva, sans-serif\"><strong>19 de enero de 2022<br \/>\nEntrenador: Raiko Mendoza<\/strong><br \/>\n<span style=\"font-weight: 600\">Elimine el miedo a la recaudaci\u00f3n de fondos<\/span><\/span><\/span><br \/>\n<span style=\"font-family: Lato, Helvetica, Arial;font-size: 14px\"><span style=\"font-size: 16px\"><span style=\"font-family: tahoma, geneva, sans-serif\">La recaudaci\u00f3n de fondos puede ser intimidante: en este seminario web de recaudaci\u00f3n de fondos 101, aprender\u00e1 c\u00f3mo encontrar socios comunitarios que compartan nuestra misi\u00f3n de crear comunidades saludables y libres de drogas y que deseen que su coalici\u00f3n tenga \u00e9xito. Este seminario web definir\u00e1 la recaudaci\u00f3n de fondos, le ense\u00f1ar\u00e1 c\u00f3mo encontrar clientes potenciales, c\u00f3mo calificar un cliente potencial potencial y d\u00f3nde buscar diferentes fuentes de ingresos. Se ir\u00e1 con la motivaci\u00f3n para comenzar a cultivar asociaciones para garantizar la sostenibilidad a largo plazo de su coalici\u00f3n. No asistir a este seminario web es como dejar dinero sobre la mesa. \u00a1No te lo pierdas!<\/span><\/span><\/span><br \/>\n<a href=\"https:\/\/youtu.be\/rS1UyEgDOko\"><span style=\"color: #0000ff;font-family: tahoma, geneva, sans-serif\"><span style=\"font-size: 16px\"><b>Grabaci\u00f3n del seminario web<\/b><\/span><\/span><\/a><\/p>\n<p><span style=\"font-size: 16px\"><span style=\"font-family: tahoma, geneva, sans-serif\"><strong>1 de diciembre de 2021<\/strong><br \/>\n<strong>Entrenador: Kristina Clark<\/strong><\/span><\/span><br \/>\n<span style=\"font-size: 16px\"><span style=\"font-family: tahoma, geneva, sans-serif\"><strong>Planificaci\u00f3n eficaz de la sostenibilidad<\/strong><br \/>\n\u00bfEst\u00e1 persiguiendo financiaci\u00f3n a\u00f1o tras a\u00f1o? \u00bfTe has preguntado, &quot;\u00bfqu\u00e9 vamos a hacer despu\u00e9s de que finalice esta subvenci\u00f3n?&quot; Si la respuesta es s\u00ed, entonces es hora de encontrar un Plan de Sostenibilidad que funcione para su organizaci\u00f3n. Durante esta sesi\u00f3n, los participantes aprender\u00e1n c\u00f3mo desarrollar un Plan de Sostenibilidad procesable que establezca coaliciones para el \u00e9xito.<br \/>\n<a href=\"https:\/\/youtu.be\/431kA--P_LM\" target=\"_blank\" rel=\"noopener\"><span style=\"color: #0000ff\"><b>Grabaci\u00f3n del seminario web<\/b><\/span><\/a><\/span><\/span><br \/>\n<strong><span style=\"font-size: 16px\"><span style=\"font-family: tahoma, geneva, sans-serif\"><a href=\"https:\/\/www.cadca.org\/wp-content\/uploads\/2023\/05\/effective_sustainability.pdf\" target=\"_blank\" rel=\"noopener\"><span style=\"color: #0000ff\">Presentaci\u00f3n de acceso<\/span><\/a><\/span><\/span><\/strong><\/p>\n<p><span style=\"font-size: 16px\"><span style=\"font-family: tahoma, geneva, sans-serif\"><strong>17 de noviembre de 2021<br \/>\nPresentadores: Kyra Hill, JD, Abogada, Centro de Leyes de Salud P\u00fablica, y Terry Rousey, Especialista en Pol\u00edticas de Tabaco para J\u00f3venes, Asociaci\u00f3n Estatal de Educaci\u00f3n y Prevenci\u00f3n del Tabaco, Departamento de Salud P\u00fablica y Medio Ambiente de Colorado<br \/>\nRecolecci\u00f3n y eliminaci\u00f3n de cigarrillos electr\u00f3nicos en las escuelas<\/strong><\/span><\/span><br \/>\n<span style=\"font-size: 16px\"><span style=\"font-family: tahoma, geneva, sans-serif\">GHEA y el Public Health Law Center presentaron recientemente &quot;Recolecci\u00f3n y eliminaci\u00f3n de cigarrillos electr\u00f3nicos en las escuelas: ABC y preguntas frecuentes&quot;. Este seminario web discuti\u00f3 el estado de los desechos peligrosos de los cigarrillos electr\u00f3nicos, destac\u00f3 los esfuerzos locales y estatales actuales y comparti\u00f3 las mejores pr\u00e1cticas que las escuelas (y otras entidades p\u00fablicas) pueden adoptar para manejar y regular estos productos.<br \/>\n<strong><a href=\"https:\/\/www.youtube.com\/watch?v=r00qEsGISZ0\" target=\"_blank\" rel=\"noopener\"><span style=\"color: #0000ff\">Grabaci\u00f3n del seminario web<\/span><\/a><br \/>\n<a href=\"https:\/\/www.cadca.org\/wp-content\/uploads\/2023\/05\/2021.11.17_cadca_slides_final_v2.pdf\" target=\"_blank\" rel=\"noopener\"><span style=\"color: #0000ff\">Presentaci\u00f3n de acceso<\/span><\/a><\/strong><\/span><\/span><\/p>\n<p><span style=\"font-family: tahoma, geneva, sans-serif\"><span style=\"font-size: 16px\"><b>Recurso:<\/b><\/span><\/span><span style=\"color: #0000ff;font-family: tahoma, geneva, sans-serif\"><span style=\"font-size: 16px\"><b>\u00a0<a href=\"https:\/\/www.cadca.org\/wp-content\/uploads\/2023\/05\/guidanceforstorage-disposal_tobfreeco_v05_2_1.pdf\">Orientaci\u00f3n para las escuelas de Colorado sobre el almacenamiento y la eliminaci\u00f3n de desechos de nicotina<\/a><\/b><\/span><\/span><\/p>\n<p><span style=\"font-family: tahoma, geneva, sans-serif\"><span style=\"font-size: 16px\"><b>Recurso:<\/b><\/span><\/span><span style=\"color: #0000ff;font-family: tahoma, geneva, sans-serif\"><span style=\"font-size: 16px\"><b>\u00a0<a href=\"https:\/\/www.cadca.org\/wp-content\/uploads\/2023\/05\/school_guidance_tobacco_product_waste_1_ppt.pdf\">Presentaci\u00f3n de Residuos de Productos de Tabaco<\/a><\/b><\/span><\/span><\/p>\n<p><span style=\"font-size: 16px\"><span style=\"font-family: tahoma, geneva, sans-serif\"><strong>20 de octubre de 2021<br \/>\nPresentadores: Jerria Martin, Ministro, y Brandis Belser, Oficial de Proyectos de CDC<br \/>\nSomos gente com\u00fan y corriente: Colaboraci\u00f3n del oficial de proyecto<\/strong><\/span><\/span><br \/>\n<span style=\"font-size: 16px\"><span style=\"font-family: tahoma, geneva, sans-serif\">Ellos saben cuando estamos durmiendo en el trabajo. Ellos saben cuando estamos despiertos. Saben si nuestro trabajo es malo o bueno. Sin embargo, son gente com\u00fan por el amor de Dios. Los oficiales de proyecto son m\u00e1s que simples socios cr\u00edticos invisibles en nuestro trabajo de subvenci\u00f3n. Cuando se asocian correctamente, pueden ser la fuerza gu\u00eda necesaria para fortalecer su coalici\u00f3n. Esta sesi\u00f3n demostrar\u00e1 c\u00f3mo Brandis Belser, oficial de proyectos de CDC, se involucra con sus coaliciones. Brandis presentar\u00e1 a uno de los l\u00edderes de su propia coalici\u00f3n al compartir c\u00f3mo su coalici\u00f3n se beneficia de la colaboraci\u00f3n frecuente.<br \/>\n<strong><a href=\"https:\/\/youtu.be\/pGehJYQx1NU\" target=\"_blank\" rel=\"noopener\"><span style=\"color: #0000ff\">Grabaci\u00f3n del seminario web<\/span><\/a><\/strong><\/span><\/span><\/p>\n<p><b style=\"font-size: 16px;font-family: tahoma, geneva, sans-serif\">22 de septiembre de 2021<\/b><br \/>\n<strong style=\"font-size: 20px\"><span style=\"font-family: tahoma, geneva, sans-serif\"><span style=\"font-size: 16px\">Presentador: Consultor de Pol\u00edticas P\u00fablicas de CADCA\u00a0<a href=\"https:\/\/www.cadca.org\/es\/team\/sue-thau\/\" target=\"_blank\" rel=\"noopener\"><span style=\"color: #0000ff\">Sue Thau<\/span><\/a><br \/>\nEducaci\u00f3n vs Cabildeo<\/span><\/span><\/strong><br \/>\n<span style=\"color: #232333;font-family: Lato, Helvetica, Arial;font-size: 14px\"><span style=\"font-size: 16px\"><span style=\"font-family: tahoma, geneva, sans-serif\">Este seminario web abord\u00f3 las diferencias entre educaci\u00f3n y cabildeo, d\u00f3nde est\u00e1 la l\u00ednea entre ellos y c\u00f3mo lograr sus objetivos de pol\u00edtica con y sin cabildeo directo.<\/span><\/span><\/span><\/p>\n<p><strong><a href=\"https:\/\/youtu.be\/qG7yXcWDHII\"><span style=\"color: #0000ff\"><span style=\"font-family: Lato, Helvetica, Arial;font-size: 14px\"><span style=\"font-size: 16px\"><span style=\"font-family: tahoma, geneva, sans-serif\">Grabaci\u00f3n del seminario web<\/span><\/span><\/span><\/span><\/a><\/strong><br \/>\n<span style=\"font-family: tahoma, geneva, sans-serif\"><span style=\"font-size: 14px\"><strong><span style=\"font-size: 16px\"><a href=\"https:\/\/www.cadca.org\/wp-content\/uploads\/2023\/05\/education_vs._lobbying_2021_-_webinar_weds.pdf\" target=\"_blank\" rel=\"noopener\"><span style=\"color: #0000ff\">Presentaci\u00f3n de acceso<\/span><\/a><br \/>\nRecurso:\u00a0<\/span><\/strong><\/span><strong><span style=\"font-size: 16px\"><a href=\"https:\/\/stateimpact.npr.org\/florida\/2013\/04\/05\/explaining-the-differences-between-501c3-and-501c4-non-profits\/\" target=\"_blank\" rel=\"noopener\"><span style=\"color: #0000ff\">Las diferencias entre 501(c)3 y 501(c)4 sin fines de lucro<\/span><\/a><\/span><\/strong><\/span><\/p>\n<p><span style=\"font-size: 20px\"><strong><span style=\"font-family: tahoma, geneva, sans-serif\"><span style=\"font-size: 16px\">18 de agosto de 2021<br \/>\nPresentadores:<\/span><\/span><\/strong><\/span><span style=\"font-size: 16px\"><span style=\"font-family: tahoma, geneva, sans-serif\"><strong>\u00a0<a href=\"https:\/\/www.cadca.org\/wp-content\/uploads\/2023\/05\/about_the_presenters-webinar_wednesday_8.18.21.pdf\" target=\"_blank\" rel=\"noopener\"><span style=\"color: #0000ff\">Mike Freeman y Kevin McCloskey<\/span><\/a><\/strong><br \/>\n<span style=\"font-weight: 600\">Herramientas de prevenci\u00f3n: Construyendo comunidades inclusivas para j\u00f3venes LGBTQ<\/span><\/span><\/span><br \/>\n<span style=\"font-family: Lato, Helvetica, Arial;font-size: 14px\"><span style=\"font-size: 16px\"><span style=\"font-family: tahoma, geneva, sans-serif\">Los j\u00f3venes lesbianas, gais, bisexuales, transg\u00e9nero, queer\/que cuestionan (LGBTQ) son constantemente marginados y, como resultado, corren un riesgo mucho mayor de aislamiento, depresi\u00f3n y uso y abuso de sustancias. Este seminario web abordar\u00e1 los desaf\u00edos espec\u00edficos que enfrentan los j\u00f3venes LGBTQ, identificar\u00e1 los indicadores que llevan a esta poblaci\u00f3n al uso indebido de sustancias y brindar\u00e1 t\u00e9cnicas para apoyar y elevar a los j\u00f3venes LGBTQ a trav\u00e9s del poder del lenguaje y la creaci\u00f3n de comunidades inclusivas.<\/span><\/span><\/span><br \/>\n<a href=\"https:\/\/youtu.be\/a_w2yFcPit4\" target=\"_blank\" rel=\"noopener\"><span style=\"color: #0000ff\"><strong><span style=\"font-size: 16px\"><span style=\"font-family: tahoma, geneva, sans-serif\">Grabaci\u00f3n del seminario web<\/span><\/span><\/strong><\/span><\/a><br \/>\n<span style=\"font-family: Lato, Helvetica, Arial;font-size: 14px\"><span style=\"font-size: 16px\"><span style=\"font-family: tahoma, geneva, sans-serif\"><strong><a href=\"https:\/\/www.cadca.org\/wp-content\/uploads\/2023\/05\/webinar_wednesday_pp_8-18-21.pdf\" target=\"_blank\" rel=\"noopener\"><span style=\"color: #0000ff\">Presentaci\u00f3n de acceso<\/span><\/a><br \/>\nRecursos:<span style=\"color: #0000ff\">\u00a0<\/span><\/strong><\/span><\/span><\/span><span style=\"font-family: tahoma, geneva, sans-serif\"><strong><span style=\"font-size: 16px\"><a href=\"https:\/\/www.cadca.org\/wp-content\/uploads\/2023\/05\/genderbread.pdf\" target=\"_blank\" rel=\"noopener\"><span style=\"color: #0000ff\">pan de genero<\/span><\/a><span style=\"color: #0000ff\">,\u00a0<\/span><a href=\"https:\/\/www.cadca.org\/wp-content\/uploads\/2023\/05\/batjc-pod-mapping-2016-updated.pdf\" target=\"_blank\" rel=\"noopener\"><span style=\"color: #0000ff\">Mapeo colectivo de vainas de justicia transformadora del \u00c1rea de la Bah\u00eda<\/span><\/a><span style=\"color: #0000ff\">,\u00a0<\/span><a href=\"https:\/\/www.cadca.org\/es\/sites\/default\/files\/pod_mapping_instructions.docx\/\" target=\"_blank\" rel=\"noopener\"><span style=\"color: #0000ff\">Instrucciones de asignaci\u00f3n de pods<\/span><\/a><span style=\"color: #0000ff\">,\u00a0<\/span><a href=\"https:\/\/www.cadca.org\/es\/sites\/default\/files\/sogie_principles_.docx\/\" target=\"_blank\" rel=\"noopener\"><span style=\"color: #0000ff\">Principios SOGIE<\/span><\/a><\/span><\/strong><\/span><\/p>\n<p><strong><span style=\"font-size: 16px\"><span style=\"font-family: tahoma, geneva, sans-serif\">16 de junio de 2021<br \/>\nEntrenador: Jerria Mart\u00edn<br \/>\n<span>Boda del Siglo: Prevenci\u00f3n, Tratamiento y Recuperaci\u00f3n<\/span><\/span><\/span><\/strong><br \/>\n<span style=\"background-image: initial;background-position: initial;background-size: initial;background-repeat: initial;background-attachment: initial;font-size: 12pt\"><span style=\"font-family: tahoma, geneva, sans-serif\">Los opioides han creado una crisis de salud sin precedentes. Si bien los l\u00edderes de la coalici\u00f3n trabajan incansablemente con los representantes del sector para cerrar las brechas sociales en las comunidades de nuestra naci\u00f3n, es importante que los l\u00edderes de prevenci\u00f3n creen respuestas y estrategias sin precedentes para combatir la epidemia de opi\u00e1ceos contactando y colaborando regularmente con socios de tratamiento y recuperaci\u00f3n locales, estatales y federales. . Es imperativo que cultivemos y construyamos estas relaciones dentro de nuestra coalici\u00f3n al comprender la gran cantidad de formas en que nos ayudamos mutuamente a cumplir nuestra misi\u00f3n libre de drogas. Le espera un regalo, ya que esta emocionante presentaci\u00f3n tem\u00e1tica de bodas contar\u00e1 con material divertido y atractivo de un especialista en prevenci\u00f3n de la red nacional de respuesta a opioides.<\/span><\/span><br \/>\n<span style=\"background-image: initial;background-position: initial;background-size: initial;background-repeat: initial;background-attachment: initial;font-size: 12pt\"><span style=\"font-family: tahoma, geneva, sans-serif\"><strong><a href=\"https:\/\/youtu.be\/gHSdKm1i-N4\" target=\"_blank\" rel=\"noopener\"><span style=\"color: #0000ff\">Grabaci\u00f3n del seminario web<\/span><\/a><br \/>\n<a href=\"https:\/\/www.cadca.org\/wp-content\/uploads\/2023\/05\/wedding_of_the_century_slides.pdf\" target=\"_blank\" rel=\"noopener\"><span style=\"color: #0000ff\">Presentaci\u00f3n de acceso<\/span><\/a><\/strong><\/span><\/span><\/p>\n<p><span style=\"font-size: 16px\"><span style=\"font-family: tahoma, geneva, sans-serif\"><strong>26 de mayo de 2021<br \/>\nPresentador:\u00a0<\/strong><\/span><\/span><span style=\"font-size: 16px\"><span style=\"font-family: tahoma, geneva, sans-serif\"><strong>Oficina de Tabaquismo y Salud de los CDC<\/strong><br \/>\n<strong>Recursos de comunicaci\u00f3n gratuitos y de bajo costo para la prevenci\u00f3n del tabaquismo<\/strong><br \/>\n<span style=\"color: #000000\">CADCA\u00a0<\/span><a href=\"https:\/\/www.geohealthequity.org\/\" target=\"_blank\" rel=\"noopener\"><span style=\"color: #0000ff\">Alianza Geogr\u00e1fica de Equidad en Salud<\/span><\/a><span style=\"color: #0000ff\">\u00a0<\/span><span style=\"color: #000000\">se ha asociado con la Oficina de Tabaquismo y Salud (OSH, por sus siglas en ingl\u00e9s) de los CDC para presentar &quot;Recursos de comunicaci\u00f3n sobre la salud para apoyar sus objetivos de prevenci\u00f3n y control del tabaco&quot;. Este seminario web analizar\u00e1 el papel de las comunicaciones de salud para apoyar los objetivos de prevenci\u00f3n y control del tabaco y familiarizar\u00e1 a los asistentes con los recursos disponibles en el Centro de recursos de campa\u00f1as de medios de los CDC.<\/span><br \/>\n<a href=\"https:\/\/youtu.be\/9oTVsqBIifs\" target=\"_blank\" rel=\"noopener\"><span style=\"color: #0000ff\"><b>Grabaci\u00f3n del seminario web<\/b><\/span><\/a><\/span><\/span><\/p>\n<p><span style=\"font-size: 16px\"><span style=\"font-family: tahoma, geneva, sans-serif\"><strong>19 de mayo de 2021<br \/>\nEntrenador: Colber Prosper<\/strong><br \/>\n<span style=\"font-weight: 600\">Raza e injusticia<\/span><\/span><\/span><br \/>\n<span style=\"color: #232333;font-family: Lato, Helvetica, Arial;font-size: 14px\"><span style=\"font-size: 16px\"><span style=\"font-family: tahoma, geneva, sans-serif\">La muerte del Sr. George Floyd ha provocado debates, protestas y cambios de pol\u00edtica en comunidades de todo el pa\u00eds. Sin embargo, muchas comunidades no pueden abordar la injusticia racial porque carecen del conocimiento y las competencias para colaborar para el cambio de manera constructiva. \u00a1Hay buenas noticias! Las coaliciones pueden y han servido como l\u00edderes para mejorar las capacidades de colaboraci\u00f3n de sus comunidades. Esta sesi\u00f3n introducir\u00e1 los conceptos de liderazgo colaborativo y sesgo impl\u00edcito. Los participantes tendr\u00e1n la oportunidad de discutir estos conceptos y c\u00f3mo los aplicar\u00e1n en sus comunidades.<\/span><\/span><\/span><br \/>\n<strong><span style=\"font-size: 16px\"><span style=\"font-family: tahoma, geneva, sans-serif\">Recursos:<br \/>\n<a href=\"https:\/\/youtu.be\/kVdxEEYcE_4\" target=\"_blank\" rel=\"noopener\"><span style=\"color: #0000ff\">Grabaci\u00f3n del seminario web<\/span><\/a><br \/>\n<a href=\"https:\/\/www.cadca.org\/wp-content\/uploads\/2023\/05\/racial_tensions_webinar_wednesday_powerpoint_0.pdf\" target=\"_blank\" rel=\"noopener\"><span style=\"color: #0000ff\">Presentaci\u00f3n de acceso<\/span><\/a><br \/>\n<a href=\"https:\/\/www.cadca.org\/es\/sites\/default\/files\/table_communities_reaching_common_ground._final.docx\/\" target=\"_blank\" rel=\"noopener\"><span style=\"color: #0000ff\">Comunidades que alcanzan un terreno com\u00fan<\/span><\/a>,\u00a0<a href=\"https:\/\/www.cadca.org\/es\/sites\/default\/files\/table_exploring_your_inner_self.docx\/\" target=\"_blank\" rel=\"noopener\"><span style=\"color: #0000ff\">Explorando tu ser interior<\/span><\/a>,\u00a0<a href=\"https:\/\/nam02.safelinks.protection.outlook.com\/?url=https%3A%2F%2Fctb.ku.edu%2Fen%2Ftable-of-contents%2Fparticipation%2Fencouraging-involvement%2Fdiverse-partcipation%2Fexamples&amp;data=04%7C01%7Cslavoie%40cadca.org%7C86c75bb4d60943da77f308d91af4235a%7C4523e3ee11314a6ca8a8b8a25ce02528%7C0%7C0%7C637570458130792480%7CUnknown%7CTWFpbGZsb3d8eyJWIjoiMC4wLjAwMDAiLCJQIjoiV2luMzIiLCJBTiI6Ik1haWwiLCJXVCI6Mn0%3D%7C1000&amp;sdata=AZR%2Fxx9DeIgD4nHvq9CPv%2FW%2B8FTYfoXMONrWHdh5olM%3D&amp;reserved=0\" target=\"_blank\" rel=\"noopener\"><span style=\"color: #0000ff\"><span class=\"normaltextrun\">Caja de herramientas comunitaria: Promoci\u00f3n de la participaci\u00f3n entre grupos diversos<\/span><\/span><\/a>,\u00a0<a href=\"https:\/\/ctb.ku.edu\/en\/table-of-contents\/overview\/models-for-community-health-and-development\/community-readiness\/checklist\" target=\"_blank\" rel=\"noopener\"><span style=\"color: #0000ff\"><span class=\"normaltextrun\">Caja de Herramientas Comunitarias: Preparaci\u00f3n Comunitaria<\/span><\/span><\/a>,<span style=\"color: #0000ff\">\u00a0<\/span><a href=\"https:\/\/nam02.safelinks.protection.outlook.com\/?url=https%3A%2F%2Fwww.cdc.gov%2Fminorityhealth%2Fchdireport.html&amp;data=04%7C01%7Cslavoie%40cadca.org%7C86c75bb4d60943da77f308d91af4235a%7C4523e3ee11314a6ca8a8b8a25ce02528%7C0%7C0%7C637570458130802478%7CUnknown%7CTWFpbGZsb3d8eyJWIjoiMC4wLjAwMDAiLCJQIjoiV2luMzIiLCJBTiI6Ik1haWwiLCJXVCI6Mn0%3D%7C1000&amp;sdata=cLw91nbC6co%2FNrMdbLDxzwprnJzsuS48UihjVtNbPe4%3D&amp;reserved=0\" target=\"_blank\" rel=\"noopener\"><span class=\"normaltextrun\"><span style=\"color: #0000ff\">Informe de disparidades y desigualdades en salud de los CDC<\/span><\/span><\/a>,\u00a0<a href=\"https:\/\/nam02.safelinks.protection.outlook.com\/?url=https%3A%2F%2Fwww.cdc.gov%2Fchronicdisease%2Fresources%2Fpublications%2Ffactsheets%2Freach.htm&amp;data=04%7C01%7Cslavoie%40cadca.org%7C86c75bb4d60943da77f308d91af4235a%7C4523e3ee11314a6ca8a8b8a25ce02528%7C0%7C0%7C637570458130812464%7CUnknown%7CTWFpbGZsb3d8eyJWIjoiMC4wLjAwMDAiLCJQIjoiV2luMzIiLCJBTiI6Ik1haWwiLCJXVCI6Mn0%3D%7C1000&amp;sdata=kIMuM%2FT9CjPnWYbnb3xZL0bK%2FXRsuT%2BCdZmPzs8eLXc%3D&amp;reserved=0\" target=\"_blank\" rel=\"noopener\"><span style=\"color: #0000ff\">Enfoques raciales y \u00e9tnicos de los CDC para el programa de salud comunitaria<\/span><\/a>\u00a0y\u00a0<a href=\"https:\/\/nam02.safelinks.protection.outlook.com\/?url=https%3A%2F%2Fwww.cadca.org%2Fresource-types%2Fprimer&amp;data=04%7C01%7Cslavoie%40cadca.org%7C86c75bb4d60943da77f308d91af4235a%7C4523e3ee11314a6ca8a8b8a25ce02528%7C0%7C0%7C637570458130812464%7CUnknown%7CTWFpbGZsb3d8eyJWIjoiMC4wLjAwMDAiLCJQIjoiV2luMzIiLCJBTiI6Ik1haWwiLCJXVCI6Mn0%3D%7C1000&amp;sdata=%2FS%2BaUv9a53No8%2BaEsostsvi%2F%2BafKaZWpFoRUkZznGrA%3D&amp;reserved=0\" target=\"_blank\" rel=\"noopener\"><span style=\"color: #0000ff\">Cebadores CADCA<\/span><\/a><\/span><\/span><\/strong><\/p>\n<p><strong style=\"font-family: tahoma, geneva, sans-serif;font-size: 16px\">14 de abril de 2021<br \/>\nEntrenador: Kim Linkel<br \/>\nLa colaboraci\u00f3n del sector impulsa el cambio comunitario<\/strong><br \/>\n<span style=\"font-family: tahoma, geneva, sans-serif;font-size: 16px\">\u00bfEst\u00e1 buscando formas de involucrar verdaderamente a los representantes del sector para ayudar a impulsar el cambio en la comunidad? Exploraremos formas innovadoras de traer a todos los sectores a la mesa y mantenerlos all\u00ed. Desde el sector escolar hasta el sector de la salud y el sector empresarial, analizaremos los sectores que las coaliciones deben tener alrededor de la mesa para lograr realmente el cambio que se esfuerzan por lograr. A menudo, las coaliciones no saben a qui\u00e9n dentro de un grupo sectorial deber\u00edan involucrar o invitar inicialmente a la mesa. Aprenda c\u00f3mo otros han tra\u00eddo personas a la mesa y las han mantenido a largo plazo. Muchas veces, mirar el WIFM (Qu\u00e9 hay para m\u00ed) es lo que realmente crea un verdadero compromiso. Durante esta sesi\u00f3n, se compartir\u00e1n ejemplos de la vida real de c\u00f3mo las coaliciones han continuado trabajando en colaboraci\u00f3n para impulsar el cambio en toda su comunidad.<br \/>\n<strong><a href=\"https:\/\/youtu.be\/FIPQezL0KOM\" target=\"_blank\" rel=\"noopener\"><span style=\"color: #0000ff\">Grabaci\u00f3n del seminario web<\/span><\/a><br \/>\n<a href=\"https:\/\/www.cadca.org\/wp-content\/uploads\/2023\/05\/sector_collaboration_drives_community_change.pdf\" target=\"_blank\" rel=\"noopener\"><span style=\"color: #0000ff\">Presentaci\u00f3n de acceso<\/span><\/a><\/strong><\/span><\/p>\n<p><strong style=\"font-family: tahoma, geneva, sans-serif;font-size: 16px\"><span style=\"text-align: center\">3 de marzo de 2021<\/span><\/strong><br \/>\n<span style=\"font-size: 16px\"><span style=\"font-family: tahoma, geneva, sans-serif\"><strong><span style=\"text-align: center\">Entrenadores: Sarah Lavoie y Bailey Martin<\/span><\/strong><\/span><\/span><br \/>\n<span style=\"font-size: 16px\"><span style=\"font-family: tahoma, geneva, sans-serif\"><strong>Seguimientos, Retweets y Me gusta: estrategia de redes sociales<\/strong><\/span><\/span><br \/>\n<span style=\"font-size: 16px\"><span style=\"font-family: tahoma, geneva, sans-serif\"><span style=\"color: #000000\">Gerente de Mercadeo de CADCA Sarah La<\/span><span>voz<\/span> <span style=\"color: #000000\">y el asociado senior de comunicaciones Bailey Martin presentar\u00e1n una descripci\u00f3n general del marketing en redes sociales y las mejores pr\u00e1cticas para comercializar su organizaci\u00f3n a trav\u00e9s de varias plataformas de redes sociales, una herramienta que se ha vuelto a\u00fan m\u00e1s cr\u00edtica para llegar a los miembros de su comunidad durante el \u00faltimo a\u00f1o. El seminario web tambi\u00e9n abordar\u00e1 c\u00f3mo definir una estrategia de redes sociales, establecer objetivos para sus campa\u00f1as de marketing en redes sociales y medir el \u00e9xito a trav\u00e9s de m\u00e9tricas y an\u00e1lisis de redes sociales.<\/span><\/span><\/span><br \/>\n<strong><span style=\"font-size: 16px\"><span style=\"font-family: tahoma, geneva, sans-serif\"><a href=\"https:\/\/youtu.be\/ydSd2xV-21o\" target=\"_blank\" rel=\"noopener\"><span style=\"color: #0000ff\">Ver grabaci\u00f3n del seminario web<\/span><\/a><\/span><\/span><\/strong><br \/>\n<strong><span style=\"font-size: 16px\"><span style=\"font-family: tahoma, geneva, sans-serif\"><a href=\"https:\/\/www.cadca.org\/wp-content\/uploads\/2023\/05\/follows_retweets_and_likes_attendee_version_3-3-2021.pdf\" target=\"_blank\" rel=\"noopener\"><span style=\"color: #0000ff\">Presentaci\u00f3n de acceso<\/span><\/a>\u00a0y\u00a0<a href=\"https:\/\/www.cadca.org\/wp-content\/uploads\/2023\/05\/social_media_usage_charts.pdf\" target=\"_blank\" rel=\"noopener\"><span style=\"color: #0000ff\">Gr\u00e1ficos de uso de redes sociales<\/span><\/a><\/span><\/span><\/strong><\/p>\n<p><strong style=\"font-family: tahoma, geneva, sans-serif;font-size: 16px\"><span style=\"text-align: center\">17 de febrero de 2021<\/span><br \/>\n<span style=\"text-align: center\">Entrenador: Kym Laube<\/span><br \/>\n<span style=\"text-align: center\">Construyendo sus conexiones comunitarias durante y despu\u00e9s de la pandemia<\/span><\/strong><br \/>\n<span style=\"font-family: tahoma, geneva, sans-serif;font-size: 16px;color: #000000\">Las personas son nuestro negocio, entonces, \u00bfc\u00f3mo nos mantenemos comprometidos mientras vivimos en un mundo COVID-19? Las coaliciones se basan en reuniones y eventos comunitarios para permanecer en el espacio p\u00fablico y establecer conexiones significativas. Entonces, \u00bfc\u00f3mo usamos este tiempo para mantenernos comprometidos, conectados y preparar el escenario para que nuestras coaliciones lideren la fase de curaci\u00f3n en un momento posterior a la pandemia? La necesidad de nuestro trabajo ser\u00e1 esencial y magnificada, as\u00ed que dediquemos tiempo a discutir formas de hacerlo; use herramientas virtuales de manera m\u00e1s efectiva, involucre a las comunidades de manera segura y ayude a llevar nuestro mensaje en entornos urbanos y rurales.<\/span><br \/>\n<span style=\"font-family: tahoma, geneva, sans-serif;font-size: 16px\"><strong><a href=\"https:\/\/youtu.be\/jRp9gkPTv8A\" target=\"_blank\" rel=\"noopener\"><span style=\"color: #0000ff\">Ver grabaci\u00f3n del seminario web<\/span><\/a><br \/>\n<a href=\"https:\/\/www.cadca.org\/wp-content\/uploads\/2023\/05\/building_your_community_connections_during_and_post_pandemic_times_ppt.pdf\" target=\"_blank\" rel=\"noopener\"><span style=\"color: #0000ff\">Presentaci\u00f3n de acceso<\/span><\/a><\/strong><\/span><\/p>\n<p><span style=\"font-family: Lato, sans-serif;font-size: 16px\"><span style=\"font-family: tahoma, geneva, sans-serif\"><strong>6 de enero de 2021<\/strong><\/span><\/span><br \/>\n<span style=\"font-family: Lato, sans-serif;font-size: 16px\"><span style=\"font-family: tahoma, geneva, sans-serif\"><strong>Entrenador: Rick Collins<\/strong><\/span><\/span><br \/>\n<span style=\"font-size: 16px\"><span style=\"font-family: tahoma,geneva,sans-serif\"><strong>SPF: a trav\u00e9s de COVID-19 y m\u00e1s all\u00e1<\/strong><br \/>\n\u00bfHa escuchado el acr\u00f3nimo \u201cSPF\u201d en conversaciones sobre prevenci\u00f3n, pero no est\u00e1 realmente seguro de lo que realmente significa o c\u00f3mo aplicarlo? \u00bfEst\u00e1 buscando formas de integrar mejor los pasos del modelo en su trabajo? \u00a1Entonces el webinar es para ti! Este seminario web del mi\u00e9rcoles se sumergir\u00e1 en los componentes de uno de los modelos m\u00e1s utilizados para la prevenci\u00f3n, el Marco Estrat\u00e9gico de Prevenci\u00f3n (SPF). Discutiremos formas creativas en que las coaliciones pueden implementar el marco durante COVID-19, y tambi\u00e9n miraremos m\u00e1s all\u00e1 de COVID-19 para encontrar formas en que las coaliciones aprovechan el modelo para medir los resultados y crear un cambio duradero en sus comunidades.\u00a0<\/span><\/span><br \/>\n<a style=\"color: #1451f1;font-family: tahoma, geneva, sans-serif;font-size: 16px\" href=\"https:\/\/youtu.be\/X10Yt9tL1SA\" target=\"_blank\" rel=\"noopener\"><span style=\"color: #0000ff\"><b>Ver grabaci\u00f3n del seminario web<\/b><\/span><\/a><br \/>\n<b style=\"font-family: tahoma, geneva, sans-serif;font-size: 16px\"><a href=\"https:\/\/www.cadca.org\/wp-content\/uploads\/2023\/05\/spf_-_through_covid-19_and_beyond.pdf\" target=\"_blank\" rel=\"noopener\"><span style=\"color: #0000ff\">Presentaci\u00f3n de acceso<\/span><\/a><\/b><\/p>\n<p class=\"rtecenter\"><a href=\"https:\/\/www.cadca.org\/es\/campaigns\/cadcas-2020-webinar-wednesdays\/\" target=\"_blank\" rel=\"noopener\"><img loading=\"lazy\" decoding=\"async\" src=\"https:\/\/cadca.org\/sites\/default\/files\/button_access-the-webinar-wednesday-series-recordings-and-resources.png\" alt=\"\" width=\"857\" height=\"62\" \/><\/a><br \/>\n<span style=\"font-family: tahoma, geneva, sans-serif;font-size: 16px;text-align: center\">Los temas de capacitaci\u00f3n incluyen COVID-19, participaci\u00f3n de los j\u00f3venes, sostenibilidad y m\u00e1s.<\/span><\/p>\n    <\/div>\n<\/section>","protected":false},"excerpt":{"rendered":"","protected":false},"author":23,"featured_media":3224,"template":"","resource_type":[285,284],"drug_specific_issues":[],"action_to_do":[],"class_list":["post-17168","resource","type-resource","status-publish","has-post-thumbnail","hentry","resource_type-community","resource_type-webinars"],"acf":[],"yoast_head":"<!-- This site is optimized with the Yoast SEO plugin v27.4 - https:\/\/yoast.com\/product\/yoast-seo-wordpress\/ -->\n<title>CADCA&#039;s Webinar Wednesday Series | CADCA<\/title>\n<meta name=\"robots\" content=\"index, follow, max-snippet:-1, max-image-preview:large, max-video-preview:-1\" \/>\n<link rel=\"canonical\" href=\"https:\/\/www.cadca.org\/es\/resource\/cadcas-webinar-wednesdays-series\/\" \/>\n<meta property=\"og:locale\" content=\"es_ES\" \/>\n<meta property=\"og:type\" content=\"article\" \/>\n<meta property=\"og:title\" content=\"CADCA&#039;s Webinar Wednesday Series | CADCA\" \/>\n<meta property=\"og:url\" content=\"https:\/\/www.cadca.org\/es\/resource\/cadcas-webinar-wednesdays-series\/\" \/>\n<meta property=\"og:site_name\" content=\"CADCA\" \/>\n<meta property=\"article:modified_time\" content=\"2023-12-11T15:20:40+00:00\" \/>\n<meta property=\"og:image\" content=\"https:\/\/www.cadca.org\/wp-content\/uploads\/2022\/03\/startup-593327_640.jpg\" \/>\n\t<meta property=\"og:image:width\" content=\"640\" \/>\n\t<meta property=\"og:image:height\" content=\"426\" \/>\n\t<meta property=\"og:image:type\" content=\"image\/jpeg\" \/>\n<meta name=\"twitter:card\" content=\"summary_large_image\" \/>\n<script type=\"application\/ld+json\" class=\"yoast-schema-graph\">{\"@context\":\"https:\\\/\\\/schema.org\",\"@graph\":[{\"@type\":\"WebPage\",\"@id\":\"https:\\\/\\\/www.cadca.org\\\/resource\\\/cadcas-webinar-wednesdays-series\\\/\",\"url\":\"https:\\\/\\\/www.cadca.org\\\/resource\\\/cadcas-webinar-wednesdays-series\\\/\",\"name\":\"CADCA's Webinar Wednesday Series | CADCA\",\"isPartOf\":{\"@id\":\"https:\\\/\\\/www.cadca.org\\\/#website\"},\"primaryImageOfPage\":{\"@id\":\"https:\\\/\\\/www.cadca.org\\\/resource\\\/cadcas-webinar-wednesdays-series\\\/#primaryimage\"},\"image\":{\"@id\":\"https:\\\/\\\/www.cadca.org\\\/resource\\\/cadcas-webinar-wednesdays-series\\\/#primaryimage\"},\"thumbnailUrl\":\"https:\\\/\\\/www.cadca.org\\\/wp-content\\\/uploads\\\/2022\\\/03\\\/startup-593327_640.jpg\",\"datePublished\":\"2023-05-07T00:00:00+00:00\",\"dateModified\":\"2023-12-11T15:20:40+00:00\",\"breadcrumb\":{\"@id\":\"https:\\\/\\\/www.cadca.org\\\/resource\\\/cadcas-webinar-wednesdays-series\\\/#breadcrumb\"},\"inLanguage\":\"es\",\"potentialAction\":[{\"@type\":\"ReadAction\",\"target\":[\"https:\\\/\\\/www.cadca.org\\\/resource\\\/cadcas-webinar-wednesdays-series\\\/\"]}]},{\"@type\":\"ImageObject\",\"inLanguage\":\"es\",\"@id\":\"https:\\\/\\\/www.cadca.org\\\/resource\\\/cadcas-webinar-wednesdays-series\\\/#primaryimage\",\"url\":\"https:\\\/\\\/www.cadca.org\\\/wp-content\\\/uploads\\\/2022\\\/03\\\/startup-593327_640.jpg\",\"contentUrl\":\"https:\\\/\\\/www.cadca.org\\\/wp-content\\\/uploads\\\/2022\\\/03\\\/startup-593327_640.jpg\",\"width\":640,\"height\":426},{\"@type\":\"BreadcrumbList\",\"@id\":\"https:\\\/\\\/www.cadca.org\\\/resource\\\/cadcas-webinar-wednesdays-series\\\/#breadcrumb\",\"itemListElement\":[{\"@type\":\"ListItem\",\"position\":1,\"name\":\"Home\",\"item\":\"https:\\\/\\\/www.cadca.org\\\/\"},{\"@type\":\"ListItem\",\"position\":2,\"name\":\"CADCA&#8217;s Webinar Wednesday Series\"}]},{\"@type\":\"WebSite\",\"@id\":\"https:\\\/\\\/www.cadca.org\\\/#website\",\"url\":\"https:\\\/\\\/www.cadca.org\\\/\",\"name\":\"CADCA\",\"description\":\"The Premier Prevention Association\",\"potentialAction\":[{\"@type\":\"SearchAction\",\"target\":{\"@type\":\"EntryPoint\",\"urlTemplate\":\"https:\\\/\\\/www.cadca.org\\\/?s={search_term_string}\"},\"query-input\":{\"@type\":\"PropertyValueSpecification\",\"valueRequired\":true,\"valueName\":\"search_term_string\"}}],\"inLanguage\":\"es\"}]}<\/script>\n<!-- \/ Yoast SEO plugin. -->","yoast_head_json":{"title":"CADCA's Webinar Wednesday Series | CADCA","robots":{"index":"index","follow":"follow","max-snippet":"max-snippet:-1","max-image-preview":"max-image-preview:large","max-video-preview":"max-video-preview:-1"},"canonical":"https:\/\/www.cadca.org\/es\/resource\/cadcas-webinar-wednesdays-series\/","og_locale":"es_ES","og_type":"article","og_title":"CADCA's Webinar Wednesday Series | CADCA","og_url":"https:\/\/www.cadca.org\/es\/resource\/cadcas-webinar-wednesdays-series\/","og_site_name":"CADCA","article_modified_time":"2023-12-11T15:20:40+00:00","og_image":[{"width":640,"height":426,"url":"https:\/\/www.cadca.org\/wp-content\/uploads\/2022\/03\/startup-593327_640.jpg","type":"image\/jpeg"}],"twitter_card":"summary_large_image","schema":{"@context":"https:\/\/schema.org","@graph":[{"@type":"WebPage","@id":"https:\/\/www.cadca.org\/resource\/cadcas-webinar-wednesdays-series\/","url":"https:\/\/www.cadca.org\/resource\/cadcas-webinar-wednesdays-series\/","name":"CADCA's Webinar Wednesday Series | CADCA","isPartOf":{"@id":"https:\/\/www.cadca.org\/#website"},"primaryImageOfPage":{"@id":"https:\/\/www.cadca.org\/resource\/cadcas-webinar-wednesdays-series\/#primaryimage"},"image":{"@id":"https:\/\/www.cadca.org\/resource\/cadcas-webinar-wednesdays-series\/#primaryimage"},"thumbnailUrl":"https:\/\/www.cadca.org\/wp-content\/uploads\/2022\/03\/startup-593327_640.jpg","datePublished":"2023-05-07T00:00:00+00:00","dateModified":"2023-12-11T15:20:40+00:00","breadcrumb":{"@id":"https:\/\/www.cadca.org\/resource\/cadcas-webinar-wednesdays-series\/#breadcrumb"},"inLanguage":"es","potentialAction":[{"@type":"ReadAction","target":["https:\/\/www.cadca.org\/resource\/cadcas-webinar-wednesdays-series\/"]}]},{"@type":"ImageObject","inLanguage":"es","@id":"https:\/\/www.cadca.org\/resource\/cadcas-webinar-wednesdays-series\/#primaryimage","url":"https:\/\/www.cadca.org\/wp-content\/uploads\/2022\/03\/startup-593327_640.jpg","contentUrl":"https:\/\/www.cadca.org\/wp-content\/uploads\/2022\/03\/startup-593327_640.jpg","width":640,"height":426},{"@type":"BreadcrumbList","@id":"https:\/\/www.cadca.org\/resource\/cadcas-webinar-wednesdays-series\/#breadcrumb","itemListElement":[{"@type":"ListItem","position":1,"name":"Home","item":"https:\/\/www.cadca.org\/"},{"@type":"ListItem","position":2,"name":"CADCA&#8217;s Webinar Wednesday Series"}]},{"@type":"WebSite","@id":"https:\/\/www.cadca.org\/#website","url":"https:\/\/www.cadca.org\/","name":"CADCA","description":"The Premier Prevention Association","potentialAction":[{"@type":"SearchAction","target":{"@type":"EntryPoint","urlTemplate":"https:\/\/www.cadca.org\/?s={search_term_string}"},"query-input":{"@type":"PropertyValueSpecification","valueRequired":true,"valueName":"search_term_string"}}],"inLanguage":"es"}]}},"_links":{"self":[{"href":"https:\/\/www.cadca.org\/es\/wp-json\/wp\/v2\/resource\/17168","targetHints":{"allow":["GET"]}}],"collection":[{"href":"https:\/\/www.cadca.org\/es\/wp-json\/wp\/v2\/resource"}],"about":[{"href":"https:\/\/www.cadca.org\/es\/wp-json\/wp\/v2\/types\/resource"}],"author":[{"embeddable":true,"href":"https:\/\/www.cadca.org\/es\/wp-json\/wp\/v2\/users\/23"}],"version-history":[{"count":0,"href":"https:\/\/www.cadca.org\/es\/wp-json\/wp\/v2\/resource\/17168\/revisions"}],"wp:featuredmedia":[{"embeddable":true,"href":"https:\/\/www.cadca.org\/es\/wp-json\/wp\/v2\/media\/3224"}],"wp:attachment":[{"href":"https:\/\/www.cadca.org\/es\/wp-json\/wp\/v2\/media?parent=17168"}],"wp:term":[{"taxonomy":"resource_type","embeddable":true,"href":"https:\/\/www.cadca.org\/es\/wp-json\/wp\/v2\/resource_type?post=17168"},{"taxonomy":"drug_specific_issues","embeddable":true,"href":"https:\/\/www.cadca.org\/es\/wp-json\/wp\/v2\/drug_specific_issues?post=17168"},{"taxonomy":"action_to_do","embeddable":true,"href":"https:\/\/www.cadca.org\/es\/wp-json\/wp\/v2\/action_to_do?post=17168"}],"curies":[{"name":"wp","href":"https:\/\/api.w.org\/{rel}","templated":true}]}}